{"id":10463,"date":"2024-05-18T11:02:02","date_gmt":"2024-05-18T09:02:02","guid":{"rendered":"https:\/\/www.fincalavidaloca.com\/actividades\/cerca-de\/"},"modified":"2026-03-14T15:59:55","modified_gmt":"2026-03-14T14:59:55","slug":"cerca","status":"publish","type":"page","link":"https:\/\/www.fincalavidaloca.com\/es\/actividades\/cerca\/","title":{"rendered":"Cerca"},"content":{"rendered":"<p>[et_pb_section fb_built=\u00bb1&#8243; disabled_on=\u00bboff|off|off\u00bb admin_label=\u00bbSection\u00bb _builder_version=\u00bb4.25.2&#8243; _module_preset=\u00bbdefault\u00bb custom_margin=\u00bb|10px||10px|false|false\u00bb custom_padding=\u00bb0px||0px||false|false\u00bb animation_style=\u00bbfade\u00bb border_radii=\u00bboff|||20px|20px\u00bb box_shadow_style=\u00bbpreset1&#8243; locked=\u00bboff\u00bb global_colors_info=\u00bb{}\u00bb][et_pb_row column_structure=\u00bb2_3,1_3&#8243; use_custom_gutter=\u00bbon\u00bb gutter_width=\u00bb1&#8243; make_equal=\u00bbon\u00bb custom_padding_last_edited=\u00bbon|desktop\u00bb _builder_version=\u00bb4.27.0&#8243; _module_preset=\u00bbdefault\u00bb use_background_color_gradient=\u00bbon\u00bb background_color_gradient_direction=\u00bb90deg\u00bb background_color_gradient_stops=\u00bbrgba(124,124,124,0.2) 0%|rgba(255,255,255,0) 100%\u00bb background_color_gradient_overlays_image=\u00bbon\u00bb background_image=\u00bbhttps:\/\/www.fincalavidaloca.com\/wp-content\/uploads\/2024\/08\/banner_dichtbij.webp\u00bb width=\u00bb100%\u00bb max_width=\u00bb100%\u00bb custom_margin=\u00bb||||false|false\u00bb custom_padding=\u00bb|0px||50px|false|false\u00bb custom_padding_tablet=\u00bb|40px|40px|40px|false|true\u00bb custom_padding_phone=\u00bb|20px|20px|20px|false|true\u00bb custom_css_main_element=\u00bbalign-items:center;||\u00bb border_radii=\u00bboff|||20px|20px\u00bb global_colors_info=\u00bb{}\u00bb][et_pb_column type=\u00bb2_3&#8243; _builder_version=\u00bb4.20.2&#8243; _module_preset=\u00bbdefault\u00bb global_colors_info=\u00bb{}\u00bb][et_pb_text _builder_version=\u00bb4.27.4&#8243; _module_preset=\u00bbdefault\u00bb text_font=\u00bbNanum Myeongjo||||||||\u00bb text_text_color=\u00bb#FFFFFF\u00bb text_font_size=\u00bb50px\u00bb text_letter_spacing=\u00bb-3px\u00bb text_line_height=\u00bb1.1em\u00bb header_font=\u00bbPlus Jakarta Sans||||||||\u00bb header_text_color=\u00bb#FFFFFF\u00bb header_font_size=\u00bb60px\u00bb header_letter_spacing=\u00bb-5px\u00bb header_line_height=\u00bb1.1em\u00bb custom_margin=\u00bb55vh||||false|false\u00bb custom_margin_tablet=\u00bb40vh||||false|false\u00bb custom_margin_phone=\u00bb30vh||||false|false\u00bb custom_margin_last_edited=\u00bbon|desktop\u00bb text_font_size_tablet=\u00bb40px\u00bb text_font_size_phone=\u00bb30px\u00bb text_font_size_last_edited=\u00bbon|phone\u00bb header_font_size_tablet=\u00bb50px\u00bb header_font_size_phone=\u00bb40px\u00bb header_font_size_last_edited=\u00bbon|desktop\u00bb header_letter_spacing_tablet=\u00bb-4px\u00bb header_letter_spacing_phone=\u00bb-2px\u00bb header_letter_spacing_last_edited=\u00bbon|tablet\u00bb locked=\u00bboff\u00bb global_colors_info=\u00bb{}\u00bb]<\/p>\n<h1>Actividades<br \/><span style=\"font-family: Times New Roman, Georgia, serif !important; color: #ffffff; letter-spacing: 1px;\"><em>Cerca<\/em><\/span><\/h1>\n<p>[\/et_pb_text][\/et_pb_column][et_pb_column type=\u00bb1_3&#8243; _builder_version=\u00bb4.20.2&#8243; _module_preset=\u00bbdefault\u00bb global_colors_info=\u00bb{}\u00bb][\/et_pb_column][\/et_pb_row][\/et_pb_section][et_pb_section fb_built=\u00bb1&#8243; _builder_version=\u00bb4.25.1&#8243; _module_preset=\u00bbdefault\u00bb custom_margin=\u00bb||||false|false\u00bb custom_padding=\u00bb||||false|false\u00bb animation_style=\u00bbslide\u00bb animation_direction=\u00bbbottom\u00bb locked=\u00bboff\u00bb collapsed=\u00bboff\u00bb global_colors_info=\u00bb{}\u00bb][et_pb_row use_custom_gutter=\u00bbon\u00bb gutter_width=\u00bb2&#8243; disabled_on=\u00bboff|off|off\u00bb _builder_version=\u00bb4.27.0&#8243; _module_preset=\u00bbdefault\u00bb width_tablet=\u00bb\u00bb width_phone=\u00bb93%\u00bb width_last_edited=\u00bbon|phone\u00bb global_colors_info=\u00bb{}\u00bb][et_pb_column type=\u00bb4_4&#8243; _builder_version=\u00bb4.27.0&#8243; _module_preset=\u00bbdefault\u00bb animation_direction=\u00bbbottom\u00bb global_colors_info=\u00bb{}\u00bb][et_pb_text admin_label=\u00bbText\u00bb _builder_version=\u00bb4.27.4&#8243; _module_preset=\u00bbdefault\u00bb text_font=\u00bbNanum Myeongjo||||||||\u00bb text_text_color=\u00bb#cccccc\u00bb text_font_size=\u00bb50px\u00bb text_letter_spacing=\u00bb-3px\u00bb text_line_height=\u00bb1.1em\u00bb header_2_font=\u00bbPlus Jakarta Sans||||||||\u00bb header_2_text_align=\u00bbcenter\u00bb header_2_text_color=\u00bb#d7d2c9&#8243; header_2_font_size=\u00bb50px\u00bb header_2_letter_spacing=\u00bb-3px\u00bb header_2_line_height=\u00bb1.1em\u00bb text_font_size_tablet=\u00bb40px\u00bb text_font_size_phone=\u00bb30px\u00bb text_font_size_last_edited=\u00bbon|phone\u00bb header_2_font_size_tablet=\u00bb50px\u00bb header_2_font_size_phone=\u00bb40px\u00bb header_2_font_size_last_edited=\u00bbon|phone\u00bb header_2_letter_spacing_tablet=\u00bb-3px\u00bb header_2_letter_spacing_phone=\u00bb-3px\u00bb header_2_letter_spacing_last_edited=\u00bbon|desktop\u00bb global_colors_info=\u00bb{}\u00bb]<\/p>\n<h2 style=\"text-align: left;\">Benalm\u00e1dena<br \/><span style=\"font-family: Times New Roman, Georgia, serif !important; color: #cccccc; letter-spacing: 1px;\"><em>La localidad costera donde se encuentra nuestra Finca<\/em><\/span><\/h2>\n<p>[\/et_pb_text][et_pb_text _builder_version=\u00bb4.27.6&#8243; _module_preset=\u00bbdefault\u00bb text_font=\u00bbPlus Jakarta Sans||||||||\u00bb text_text_color=\u00bb#919191&#8243; text_font_size=\u00bb17px\u00bb text_line_height=\u00bb2em\u00bb header_2_font=\u00bbPlus Jakarta Sans||||||||\u00bb header_2_text_align=\u00bbcenter\u00bb header_2_text_color=\u00bb#a5866f\u00bb header_2_font_size=\u00bb50px\u00bb header_2_letter_spacing=\u00bb-3px\u00bb header_2_line_height=\u00bb1.1em\u00bb custom_padding=\u00bb0px|||||\u00bb header_2_font_size_tablet=\u00bb50px\u00bb header_2_font_size_phone=\u00bb40px\u00bb header_2_font_size_last_edited=\u00bbon|phone\u00bb header_2_letter_spacing_tablet=\u00bb-3px\u00bb header_2_letter_spacing_phone=\u00bb-3px\u00bb header_2_letter_spacing_last_edited=\u00bbon|desktop\u00bb global_colors_info=\u00bb{}\u00bb]<\/p>\n<p>Benalm\u00e1dena consta de <span style=\"color: #c4c1bc;\"><strong>3 partes<\/strong><\/span>: <span style=\"color: #c4c1bc;\"><strong>Benalm\u00e1dena Pueblo<\/strong><\/span>, <span style=\"color: #c4c1bc;\"><strong>Benalm\u00e1dena Costa<\/strong><\/span> y <span style=\"color: #c4c1bc;\"><strong>Arroyo de la Miel<\/strong><\/span> (un aut\u00e9ntico para\u00edso de las compras).<\/p>\n<p><span style=\"color: #c4c1bc;\"><strong>Nuestra Finca<\/strong> <\/span>est\u00e1 situada en el pueblo de <span style=\"color: #c4c1bc;\"><strong>Benalm\u00e1dena Pueblo<\/strong><\/span>. Este pueblo est\u00e1 formado principalmente por casas blancas, calles estrechas y bonitas con cafeter\u00edas y tiendas. Desde este pueblo tienes una hermosa vista sobre el complejo tur\u00edstico.<\/p>\n<p>Hay muchas atracciones en Benalm\u00e1dena. Descubre a continuaci\u00f3n lo que Benalm\u00e1dena puede ofrecerte.<\/p>\n<p>[\/et_pb_text][et_pb_text _builder_version=\u00bb4.27.0&#8243; _module_preset=\u00bbdefault\u00bb background_image=\u00bbhttps:\/\/www.fincalavidaloca.com\/wp-content\/uploads\/2024\/08\/benalmadena_1.jpg\u00bb background_position=\u00bbbottom_center\u00bb min_height=\u00bb60vh\u00bb min_height_tablet=\u00bb50vh\u00bb min_height_phone=\u00bb40vh\u00bb min_height_last_edited=\u00bbon|phone\u00bb scroll_vertical_motion=\u00bb0|50|50|100|1|0|-1&#8243; border_radii=\u00bbon|20px|20px|20px|20px\u00bb global_colors_info=\u00bb{}\u00bb][\/et_pb_text][\/et_pb_column][\/et_pb_row][\/et_pb_section][et_pb_section fb_built=\u00bb1&#8243; _builder_version=\u00bb4.25.1&#8243; _module_preset=\u00bbdefault\u00bb background_color=\u00bb#f2f2f2&#8243; custom_margin=\u00bb|10px||10px|false|false\u00bb animation_style=\u00bbslide\u00bb animation_direction=\u00bbbottom\u00bb border_radii=\u00bbon|20px|20px|20px|20px\u00bb locked=\u00bboff\u00bb collapsed=\u00bboff\u00bb global_colors_info=\u00bb{}\u00bb][et_pb_row use_custom_gutter=\u00bbon\u00bb gutter_width=\u00bb2&#8243; disabled_on=\u00bboff|off|off\u00bb _builder_version=\u00bb4.27.0&#8243; _module_preset=\u00bbdefault\u00bb width_tablet=\u00bb\u00bb width_phone=\u00bb93%\u00bb width_last_edited=\u00bbon|phone\u00bb global_colors_info=\u00bb{}\u00bb][et_pb_column type=\u00bb4_4&#8243; _builder_version=\u00bb4.27.0&#8243; _module_preset=\u00bbdefault\u00bb animation_direction=\u00bbbottom\u00bb global_colors_info=\u00bb{}\u00bb][et_pb_text admin_label=\u00bbText\u00bb _builder_version=\u00bb4.27.6&#8243; _module_preset=\u00bbdefault\u00bb text_font=\u00bbPlus Jakarta Sans||||||||\u00bb text_text_color=\u00bb#919191&#8243; text_font_size=\u00bb17px\u00bb text_line_height=\u00bb2em\u00bb header_2_font=\u00bbPlus Jakarta Sans||||||||\u00bb header_2_text_align=\u00bbcenter\u00bb header_2_text_color=\u00bb#d7d2c9&#8243; header_2_font_size=\u00bb50px\u00bb header_2_letter_spacing=\u00bb-3px\u00bb header_2_line_height=\u00bb1.1em\u00bb header_2_font_size_tablet=\u00bb50px\u00bb header_2_font_size_phone=\u00bb40px\u00bb header_2_font_size_last_edited=\u00bbon|phone\u00bb header_2_letter_spacing_tablet=\u00bb-3px\u00bb header_2_letter_spacing_phone=\u00bb-3px\u00bb header_2_letter_spacing_last_edited=\u00bbon|desktop\u00bb global_colors_info=\u00bb{}\u00bb]<\/p>\n<h2 style=\"text-align: left;\">Jardines del Muro<\/h2>\n<p><strong><i class=\"fa-solid fa-clock\"><\/i> 5 min. | <i class=\"fa-solid fa-car\"><\/i> 1,5 km de nuestra Finca <\/strong><\/p>\n<p>[\/et_pb_text][et_pb_text _builder_version=\u00bb4.27.6&#8243; _module_preset=\u00bbdefault\u00bb text_font=\u00bbPlus Jakarta Sans||||||||\u00bb text_text_color=\u00bb#919191&#8243; text_font_size=\u00bb17px\u00bb text_line_height=\u00bb2em\u00bb header_2_font=\u00bbPlus Jakarta Sans||||||||\u00bb header_2_text_align=\u00bbcenter\u00bb header_2_text_color=\u00bb#a5866f\u00bb header_2_font_size=\u00bb50px\u00bb header_2_letter_spacing=\u00bb-3px\u00bb header_2_line_height=\u00bb1.1em\u00bb custom_padding=\u00bb0px|||||\u00bb header_2_font_size_tablet=\u00bb50px\u00bb header_2_font_size_phone=\u00bb40px\u00bb header_2_font_size_last_edited=\u00bbon|phone\u00bb header_2_letter_spacing_tablet=\u00bb-3px\u00bb header_2_letter_spacing_phone=\u00bb-3px\u00bb header_2_letter_spacing_last_edited=\u00bbon|desktop\u00bb global_colors_info=\u00bb{}\u00bb]<\/p>\n<p>Estos hermosos jardines de la <span style=\"color: #c4c1bc;\"><strong>Muralla de Benalm\u00e1dena<\/strong><\/span> ofrecen unas vistas m\u00e1gicas del mar Mediterr\u00e1neo. En los d\u00edas claros (la mayor parte del a\u00f1o) puedes ver las espectaculares <span style=\"color: #c4c1bc;\"><strong>cordillera del Atlas<\/strong><\/span> del vecino <span style=\"color: #c4c1bc;\"><strong>Marruecos<\/strong><\/span> ver.<\/p>\n<p>[\/et_pb_text][et_pb_text disabled_on=\u00bboff|off|off\u00bb _builder_version=\u00bb4.27.0&#8243; _module_preset=\u00bbdefault\u00bb background_image=\u00bbhttps:\/\/www.fincalavidaloca.com\/wp-content\/uploads\/2024\/08\/jardines_del_muro_1.jpg\u00bb background_position=\u00bbbottom_center\u00bb min_height=\u00bb60vh\u00bb min_height_tablet=\u00bb50vh\u00bb min_height_phone=\u00bb40vh\u00bb min_height_last_edited=\u00bbon|phone\u00bb scroll_vertical_motion=\u00bb0|50|50|100|1|0|-1&#8243; border_radii=\u00bbon|20px|20px|20px|20px\u00bb global_colors_info=\u00bb{}\u00bb][\/et_pb_text][\/et_pb_column][\/et_pb_row][\/et_pb_section][et_pb_section fb_built=\u00bb1&#8243; _builder_version=\u00bb4.25.1&#8243; _module_preset=\u00bbdefault\u00bb custom_margin=\u00bb||||false|false\u00bb custom_padding=\u00bb||||false|false\u00bb animation_style=\u00bbslide\u00bb animation_direction=\u00bbbottom\u00bb locked=\u00bboff\u00bb collapsed=\u00bboff\u00bb global_colors_info=\u00bb{}\u00bb][et_pb_row use_custom_gutter=\u00bbon\u00bb gutter_width=\u00bb2&#8243; disabled_on=\u00bboff|off|off\u00bb _builder_version=\u00bb4.27.0&#8243; _module_preset=\u00bbdefault\u00bb width_tablet=\u00bb\u00bb width_phone=\u00bb93%\u00bb width_last_edited=\u00bbon|phone\u00bb global_colors_info=\u00bb{}\u00bb][et_pb_column type=\u00bb4_4&#8243; _builder_version=\u00bb4.27.0&#8243; _module_preset=\u00bbdefault\u00bb animation_direction=\u00bbbottom\u00bb global_colors_info=\u00bb{}\u00bb][et_pb_text admin_label=\u00bbText\u00bb _builder_version=\u00bb4.27.0&#8243; _module_preset=\u00bbdefault\u00bb text_font=\u00bbPlus Jakarta Sans||||||||\u00bb text_text_color=\u00bb#919191&#8243; text_font_size=\u00bb17px\u00bb text_line_height=\u00bb2em\u00bb header_2_font=\u00bbPlus Jakarta Sans||||||||\u00bb header_2_text_align=\u00bbcenter\u00bb header_2_text_color=\u00bb#d7d2c9&#8243; header_2_font_size=\u00bb50px\u00bb header_2_letter_spacing=\u00bb-3px\u00bb header_2_line_height=\u00bb1.1em\u00bb hover_enabled=\u00bb0&#8243; header_2_font_size_tablet=\u00bb50px\u00bb header_2_font_size_phone=\u00bb40px\u00bb header_2_font_size_last_edited=\u00bbon|phone\u00bb header_2_letter_spacing_tablet=\u00bb-3px\u00bb header_2_letter_spacing_phone=\u00bb-3px\u00bb header_2_letter_spacing_last_edited=\u00bbon|desktop\u00bb global_colors_info=\u00bb{}\u00bb sticky_enabled=\u00bb0&#8243;]<\/p>\n<h2 style=\"text-align: left;\">Castillo de Colomares<\/h2>\n<p><strong><i class=\"fa-solid fa-clock\"><\/i> 5 min. | <i class=\"fa-solid fa-car\"><\/i> 1,7 km de nuestra Finca <\/strong>[\/et_pb_text][et_pb_text _builder_version=\u00bb4.27.0&#8243; _module_preset=\u00bbdefault\u00bb text_font=\u00bbPlus Jakarta Sans||||||||\u00bb text_text_color=\u00bb#919191&#8243; text_font_size=\u00bb17px\u00bb text_line_height=\u00bb2em\u00bb header_2_font=\u00bbPlus Jakarta Sans||||||||\u00bb header_2_text_align=\u00bbcenter\u00bb header_2_text_color=\u00bb#a5866f\u00bb header_2_font_size=\u00bb50px\u00bb header_2_letter_spacing=\u00bb-3px\u00bb header_2_line_height=\u00bb1.1em\u00bb custom_padding=\u00bb0px|||||\u00bb hover_enabled=\u00bb0&#8243; header_2_font_size_tablet=\u00bb50px\u00bb header_2_font_size_phone=\u00bb40px\u00bb header_2_font_size_last_edited=\u00bbon|phone\u00bb header_2_letter_spacing_tablet=\u00bb-3px\u00bb header_2_letter_spacing_phone=\u00bb-3px\u00bb header_2_letter_spacing_last_edited=\u00bbon|desktop\u00bb global_colors_info=\u00bb{}\u00bb sticky_enabled=\u00bb0&#8243;]<\/p>\n<p>La primera vista del Castillo de Colomares te recuerda inmediatamente a <span style=\"color: #c4c1bc;\"><strong>un castillo de cuento de hadas<\/strong><\/span> de Efteling o Disneylandia. Esto se debe a que el castillo est\u00e1 formado por una <span style=\"color: #c4c1bc;\"><strong>colorida mezcla de estilos bizantino<\/strong><\/span>, <span style=\"color: #c4c1bc;\"><strong>rom\u00e1nico<\/strong><\/span>, <span style=\"color: #c4c1bc;\"><strong>g\u00f3tico<\/strong><\/span> y <span style=\"color: #c4c1bc;\"><strong>elementos mud\u00e9jares<\/strong><\/span>.<\/p>\n<p>El castillo fue encargado por <span style=\"color: #c4c1bc;\"><strong>Dr. Esteban Mart\u00edn Mart\u00edn<\/strong><\/span> como una oda a la vida del gran explorador y aventurero <span style=\"color: #c4c1bc;\"><strong>Crist\u00f3bal Col\u00f3n<\/strong><\/span>. El Dr. Esteban Mart\u00edn Mart\u00edn pens\u00f3 mucho en los detalles de este extraordinario monumento. Entre otras cosas, puedes ver <span style=\"color: #c4c1bc;\"><strong>3 barcos tallados<\/strong><\/span> con las que Col\u00f3n viaj\u00f3 a Am\u00e9rica (<span style=\"color: #c4c1bc;\"><strong>Ni\u00f1a<\/strong><\/span>, <span style=\"color: #c4c1bc;\"><strong>Pinta<\/strong><\/span> y <span style=\"color: #c4c1bc;\"><strong>Santa Mar\u00eda<\/strong><\/span>).<\/p>\n<p>Toda la parcela cubre una <span style=\"color: #c4c1bc;\"><strong>superficie<\/strong><\/span> de unos <span style=\"color: #c4c1bc;\"><strong>1500 m2<\/strong><\/span> lo que lo convierte a la vez en el <span style=\"color: #c4c1bc;\"><strong>monumento m\u00e1s grande del mundo en memoria de Col\u00f3n<\/strong><\/span>.<\/p>\n<p>Y otro r\u00e9cord \u00fanico: dentro del castillo encontrar\u00e1s la <span style=\"color: #c4c1bc;\"><strong>iglesia m\u00e1s peque\u00f1a del mundo (Libro Guinness de los R\u00e9cords)<\/strong><\/span>. Tiene una <span style=\"color: #c4c1bc;\"><strong>superficie de s\u00f3lo 1,96 m2<\/strong><\/span>.<\/p>\n<p>[\/et_pb_text][et_pb_text disabled_on=\u00bboff|off|off\u00bb _builder_version=\u00bb4.27.0&#8243; _module_preset=\u00bbdefault\u00bb background_image=\u00bbhttps:\/\/www.fincalavidaloca.com\/wp-content\/uploads\/2024\/08\/castillo_de_colomares_1.jpg\u00bb min_height=\u00bb60vh\u00bb min_height_tablet=\u00bb50vh\u00bb min_height_phone=\u00bb40vh\u00bb min_height_last_edited=\u00bbon|phone\u00bb scroll_vertical_motion=\u00bb0|50|50|100|1|0|-1&#8243; border_radii=\u00bbon|20px|20px|20px|20px\u00bb global_colors_info=\u00bb{}\u00bb][\/et_pb_text][\/et_pb_column][\/et_pb_row][\/et_pb_section][et_pb_section fb_built=\u00bb1&#8243; _builder_version=\u00bb4.25.1&#8243; _module_preset=\u00bbdefault\u00bb background_color=\u00bb#f2f2f2&#8243; custom_margin=\u00bb|10px||10px|false|false\u00bb animation_style=\u00bbslide\u00bb animation_direction=\u00bbbottom\u00bb border_radii=\u00bbon|20px|20px|20px|20px\u00bb locked=\u00bboff\u00bb collapsed=\u00bboff\u00bb global_colors_info=\u00bb{}\u00bb][et_pb_row use_custom_gutter=\u00bbon\u00bb gutter_width=\u00bb2&#8243; disabled_on=\u00bboff|off|off\u00bb _builder_version=\u00bb4.27.0&#8243; _module_preset=\u00bbdefault\u00bb width_tablet=\u00bb\u00bb width_phone=\u00bb93%\u00bb width_last_edited=\u00bbon|phone\u00bb global_colors_info=\u00bb{}\u00bb][et_pb_column type=\u00bb4_4&#8243; _builder_version=\u00bb4.27.0&#8243; _module_preset=\u00bbdefault\u00bb animation_direction=\u00bbbottom\u00bb global_colors_info=\u00bb{}\u00bb][et_pb_text admin_label=\u00bbText\u00bb _builder_version=\u00bb4.27.0&#8243; _module_preset=\u00bbdefault\u00bb text_font=\u00bbPlus Jakarta Sans||||||||\u00bb text_text_color=\u00bb#919191&#8243; text_font_size=\u00bb17px\u00bb text_line_height=\u00bb2em\u00bb header_2_font=\u00bbPlus Jakarta Sans||||||||\u00bb header_2_text_align=\u00bbcenter\u00bb header_2_text_color=\u00bb#d7d2c9&#8243; header_2_font_size=\u00bb50px\u00bb header_2_letter_spacing=\u00bb-3px\u00bb header_2_line_height=\u00bb1.1em\u00bb header_2_font_size_tablet=\u00bb50px\u00bb header_2_font_size_phone=\u00bb40px\u00bb header_2_font_size_last_edited=\u00bbon|phone\u00bb header_2_letter_spacing_tablet=\u00bb-3px\u00bb header_2_letter_spacing_phone=\u00bb-3px\u00bb header_2_letter_spacing_last_edited=\u00bbon|desktop\u00bb global_colors_info=\u00bb{}\u00bb]<\/p>\n<h2 style=\"text-align: left;\">Plaza de Espa\u00f1a<\/h2>\n<p><strong><i class=\"fa-solid fa-clock\"><\/i> 8 min. | <i class=\"fa-solid fa-car\"><\/i> 2,1 km de nuestra Finca<\/strong><\/p>\n<p>[\/et_pb_text][et_pb_text _builder_version=\u00bb4.27.0&#8243; _module_preset=\u00bbdefault\u00bb text_font=\u00bbPlus Jakarta Sans||||||||\u00bb text_text_color=\u00bb#919191&#8243; text_font_size=\u00bb17px\u00bb text_line_height=\u00bb2em\u00bb header_2_font=\u00bbPlus Jakarta Sans||||||||\u00bb header_2_text_align=\u00bbcenter\u00bb header_2_text_color=\u00bb#a5866f\u00bb header_2_font_size=\u00bb50px\u00bb header_2_letter_spacing=\u00bb-3px\u00bb header_2_line_height=\u00bb1.1em\u00bb custom_padding=\u00bb0px|||||\u00bb hover_enabled=\u00bb0&#8243; header_2_font_size_tablet=\u00bb50px\u00bb header_2_font_size_phone=\u00bb40px\u00bb header_2_font_size_last_edited=\u00bbon|phone\u00bb header_2_letter_spacing_tablet=\u00bb-3px\u00bb header_2_letter_spacing_phone=\u00bb-3px\u00bb header_2_letter_spacing_last_edited=\u00bbon|desktop\u00bb global_colors_info=\u00bb{}\u00bb sticky_enabled=\u00bb0&#8243;]<\/p>\n<p>En el punto central del casco antiguo de Benalm\u00e1dena se alza una estatua <span style=\"color: #c4c1bc;\"><strong>La Ni\u00f1a de Benalm\u00e1dena<\/strong><\/span>. Da una calurosa bienvenida a todos los visitantes y es un magn\u00edfico punto de partida para descubrir lo que nuestro pueblo puede ofrecer cultural y culinariamente.<\/p>\n<p>[\/et_pb_text][et_pb_text disabled_on=\u00bboff|off|off\u00bb _builder_version=\u00bb4.27.0&#8243; _module_preset=\u00bbdefault\u00bb background_image=\u00bbhttps:\/\/www.fincalavidaloca.com\/wp-content\/uploads\/2024\/08\/plaza_de_espana_1.jpg\u00bb background_position=\u00bbbottom_center\u00bb min_height=\u00bb60vh\u00bb min_height_tablet=\u00bb50vh\u00bb min_height_phone=\u00bb40vh\u00bb min_height_last_edited=\u00bbon|phone\u00bb scroll_vertical_motion=\u00bb0|50|50|100|1|0|-1&#8243; border_radii=\u00bbon|20px|20px|20px|20px\u00bb global_colors_info=\u00bb{}\u00bb][\/et_pb_text][\/et_pb_column][\/et_pb_row][\/et_pb_section][et_pb_section fb_built=\u00bb1&#8243; _builder_version=\u00bb4.25.1&#8243; _module_preset=\u00bbdefault\u00bb custom_margin=\u00bb||||false|false\u00bb custom_padding=\u00bb||||false|false\u00bb animation_style=\u00bbslide\u00bb animation_direction=\u00bbbottom\u00bb locked=\u00bboff\u00bb collapsed=\u00bboff\u00bb global_colors_info=\u00bb{}\u00bb][et_pb_row use_custom_gutter=\u00bbon\u00bb gutter_width=\u00bb2&#8243; disabled_on=\u00bboff|off|off\u00bb _builder_version=\u00bb4.27.0&#8243; _module_preset=\u00bbdefault\u00bb width_tablet=\u00bb\u00bb width_phone=\u00bb93%\u00bb width_last_edited=\u00bbon|phone\u00bb global_colors_info=\u00bb{}\u00bb][et_pb_column type=\u00bb4_4&#8243; _builder_version=\u00bb4.27.0&#8243; _module_preset=\u00bbdefault\u00bb animation_direction=\u00bbbottom\u00bb global_colors_info=\u00bb{}\u00bb][et_pb_text admin_label=\u00bbText\u00bb _builder_version=\u00bb4.27.0&#8243; _module_preset=\u00bbdefault\u00bb text_font=\u00bbPlus Jakarta Sans||||||||\u00bb text_text_color=\u00bb#919191&#8243; text_font_size=\u00bb17px\u00bb text_line_height=\u00bb2em\u00bb header_2_font=\u00bbPlus Jakarta Sans||||||||\u00bb header_2_text_align=\u00bbcenter\u00bb header_2_text_color=\u00bb#d7d2c9&#8243; header_2_font_size=\u00bb50px\u00bb header_2_letter_spacing=\u00bb-3px\u00bb header_2_line_height=\u00bb1.1em\u00bb header_2_font_size_tablet=\u00bb50px\u00bb header_2_font_size_phone=\u00bb40px\u00bb header_2_font_size_last_edited=\u00bbon|phone\u00bb header_2_letter_spacing_tablet=\u00bb-3px\u00bb header_2_letter_spacing_phone=\u00bb-3px\u00bb header_2_letter_spacing_last_edited=\u00bbon|desktop\u00bb global_colors_info=\u00bb{}\u00bb]<\/p>\n<h2 style=\"text-align: left;\">La Stupa de Iluminaci\u00f3n de Benalm\u00e1dena<\/h2>\n<p><strong><i class=\"fa-solid fa-clock\"><\/i> 8 min. | <i class=\"fa-solid fa-car\"><\/i> 2,7 km de nuestra Finca <\/strong>[\/et_pb_text][et_pb_text _builder_version=\u00bb4.27.0&#8243; _module_preset=\u00bbdefault\u00bb text_font=\u00bbPlus Jakarta Sans||||||||\u00bb text_text_color=\u00bb#919191&#8243; text_font_size=\u00bb17px\u00bb text_line_height=\u00bb2em\u00bb header_2_font=\u00bbPlus Jakarta Sans||||||||\u00bb header_2_text_align=\u00bbcenter\u00bb header_2_text_color=\u00bb#a5866f\u00bb header_2_font_size=\u00bb50px\u00bb header_2_letter_spacing=\u00bb-3px\u00bb header_2_line_height=\u00bb1.1em\u00bb custom_padding=\u00bb0px|||||\u00bb hover_enabled=\u00bb0&#8243; header_2_font_size_tablet=\u00bb50px\u00bb header_2_font_size_phone=\u00bb40px\u00bb header_2_font_size_last_edited=\u00bbon|phone\u00bb header_2_letter_spacing_tablet=\u00bb-3px\u00bb header_2_letter_spacing_phone=\u00bb-3px\u00bb header_2_letter_spacing_last_edited=\u00bbon|desktop\u00bb global_colors_info=\u00bb{}\u00bb sticky_enabled=\u00bb0&#8243;]<\/p>\n<p>Por lo general, las estupas s\u00f3lo pueden verse y visitarse desde el exterior. El <span style=\"color: #c4c1bc;\"><strong>templo budista de Benalm\u00e1dena<\/strong><\/span> es una excepci\u00f3n a la regla, sin embargo, y es <span style=\"color: #c4c1bc;\"><strong>de acceso p\u00fablico<\/strong><\/span>.<\/p>\n<p>[\/et_pb_text][et_pb_text disabled_on=\u00bboff|off|off\u00bb _builder_version=\u00bb4.27.0&#8243; _module_preset=\u00bbdefault\u00bb background_image=\u00bbhttps:\/\/www.fincalavidaloca.com\/wp-content\/uploads\/2024\/08\/stupa_benalmadena_1.jpg\u00bb min_height=\u00bb60vh\u00bb min_height_tablet=\u00bb50vh\u00bb min_height_phone=\u00bb40vh\u00bb min_height_last_edited=\u00bbon|phone\u00bb scroll_vertical_motion=\u00bb0|50|50|100|1|0|-1&#8243; border_radii=\u00bbon|20px|20px|20px|20px\u00bb global_colors_info=\u00bb{}\u00bb][\/et_pb_text][\/et_pb_column][\/et_pb_row][\/et_pb_section][et_pb_section fb_built=\u00bb1&#8243; _builder_version=\u00bb4.25.1&#8243; _module_preset=\u00bbdefault\u00bb background_color=\u00bb#f2f2f2&#8243; custom_margin=\u00bb|10px||10px|false|false\u00bb animation_style=\u00bbslide\u00bb animation_direction=\u00bbbottom\u00bb border_radii=\u00bbon|20px|20px|20px|20px\u00bb locked=\u00bboff\u00bb collapsed=\u00bboff\u00bb global_colors_info=\u00bb{}\u00bb][et_pb_row use_custom_gutter=\u00bbon\u00bb gutter_width=\u00bb2&#8243; disabled_on=\u00bboff|off|off\u00bb _builder_version=\u00bb4.27.0&#8243; _module_preset=\u00bbdefault\u00bb width_tablet=\u00bb\u00bb width_phone=\u00bb93%\u00bb width_last_edited=\u00bbon|phone\u00bb global_colors_info=\u00bb{}\u00bb][et_pb_column type=\u00bb4_4&#8243; _builder_version=\u00bb4.27.0&#8243; _module_preset=\u00bbdefault\u00bb animation_direction=\u00bbbottom\u00bb global_colors_info=\u00bb{}\u00bb][et_pb_text admin_label=\u00bbText\u00bb _builder_version=\u00bb4.27.0&#8243; _module_preset=\u00bbdefault\u00bb text_font=\u00bbPlus Jakarta Sans||||||||\u00bb text_text_color=\u00bb#919191&#8243; text_font_size=\u00bb17px\u00bb text_line_height=\u00bb2em\u00bb header_2_font=\u00bbPlus Jakarta Sans||||||||\u00bb header_2_text_align=\u00bbcenter\u00bb header_2_text_color=\u00bb#d7d2c9&#8243; header_2_font_size=\u00bb50px\u00bb header_2_letter_spacing=\u00bb-3px\u00bb header_2_line_height=\u00bb1.1em\u00bb header_2_font_size_tablet=\u00bb50px\u00bb header_2_font_size_phone=\u00bb40px\u00bb header_2_font_size_last_edited=\u00bbon|phone\u00bb header_2_letter_spacing_tablet=\u00bb-3px\u00bb header_2_letter_spacing_phone=\u00bb-3px\u00bb header_2_letter_spacing_last_edited=\u00bbon|desktop\u00bb global_colors_info=\u00bb{}\u00bb]<\/p>\n<h2 style=\"text-align: left;\">Benalm\u00e1dena Costa<\/h2>\n<p><strong><i class=\"fa-solid fa-clock\"><\/i> 8 min. | <i class=\"fa-solid fa-car\"><\/i> 3,2 km de nuestra Finca<\/strong>[\/et_pb_text][et_pb_text _builder_version=\u00bb4.27.0&#8243; _module_preset=\u00bbdefault\u00bb text_font=\u00bbPlus Jakarta Sans||||||||\u00bb text_text_color=\u00bb#919191&#8243; text_font_size=\u00bb17px\u00bb text_line_height=\u00bb2em\u00bb header_2_font=\u00bbPlus Jakarta Sans||||||||\u00bb header_2_text_align=\u00bbcenter\u00bb header_2_text_color=\u00bb#a5866f\u00bb header_2_font_size=\u00bb50px\u00bb header_2_letter_spacing=\u00bb-3px\u00bb header_2_line_height=\u00bb1.1em\u00bb custom_padding=\u00bb0px|||||\u00bb hover_enabled=\u00bb0&#8243; header_2_font_size_tablet=\u00bb50px\u00bb header_2_font_size_phone=\u00bb40px\u00bb header_2_font_size_last_edited=\u00bbon|phone\u00bb header_2_letter_spacing_tablet=\u00bb-3px\u00bb header_2_letter_spacing_phone=\u00bb-3px\u00bb header_2_letter_spacing_last_edited=\u00bbon|desktop\u00bb global_colors_info=\u00bb{}\u00bb sticky_enabled=\u00bb0&#8243;]<\/p>\n<p>La Costa consta de hermosas playas <span style=\"color: #c4c1bc;\"><strong>(casi 9 km de costa bien cuidada)<\/strong><\/span> con muchos restaurantes y tiendas a lo largo del paseo mar\u00edtimo. Junto al mar tambi\u00e9n est\u00e1 el <span style=\"color: #c4c1bc;\"><strong>El Castillo El Bil-Bil<\/strong><\/span>. Un hermoso castillo rojo construido en estilo \u00e1rabe.<\/p>\n<p>[\/et_pb_text][et_pb_text disabled_on=\u00bboff|off|off\u00bb _builder_version=\u00bb4.27.0&#8243; _module_preset=\u00bbdefault\u00bb background_image=\u00bbhttps:\/\/www.fincalavidaloca.com\/wp-content\/uploads\/2024\/08\/benalmadena_costa_1.jpg\u00bb min_height=\u00bb60vh\u00bb min_height_tablet=\u00bb50vh\u00bb min_height_phone=\u00bb40vh\u00bb min_height_last_edited=\u00bbon|phone\u00bb scroll_vertical_motion=\u00bb0|50|50|100|1|0|-1&#8243; border_radii=\u00bbon|20px|20px|20px|20px\u00bb global_colors_info=\u00bb{}\u00bb][\/et_pb_text][\/et_pb_column][\/et_pb_row][\/et_pb_section][et_pb_section fb_built=\u00bb1&#8243; _builder_version=\u00bb4.25.1&#8243; _module_preset=\u00bbdefault\u00bb custom_margin=\u00bb||||false|false\u00bb custom_padding=\u00bb||||false|false\u00bb animation_style=\u00bbslide\u00bb animation_direction=\u00bbbottom\u00bb locked=\u00bboff\u00bb collapsed=\u00bboff\u00bb global_colors_info=\u00bb{}\u00bb][et_pb_row use_custom_gutter=\u00bbon\u00bb gutter_width=\u00bb2&#8243; disabled_on=\u00bboff|off|off\u00bb _builder_version=\u00bb4.27.0&#8243; _module_preset=\u00bbdefault\u00bb width_tablet=\u00bb\u00bb width_phone=\u00bb93%\u00bb width_last_edited=\u00bbon|phone\u00bb global_colors_info=\u00bb{}\u00bb][et_pb_column type=\u00bb4_4&#8243; _builder_version=\u00bb4.27.0&#8243; _module_preset=\u00bbdefault\u00bb animation_direction=\u00bbbottom\u00bb global_colors_info=\u00bb{}\u00bb][et_pb_text admin_label=\u00bbText\u00bb _builder_version=\u00bb4.27.0&#8243; _module_preset=\u00bbdefault\u00bb text_font=\u00bbPlus Jakarta Sans||||||||\u00bb text_text_color=\u00bb#919191&#8243; text_font_size=\u00bb17px\u00bb text_line_height=\u00bb2em\u00bb header_2_font=\u00bbPlus Jakarta Sans||||||||\u00bb header_2_text_align=\u00bbcenter\u00bb header_2_text_color=\u00bb#d7d2c9&#8243; header_2_font_size=\u00bb50px\u00bb header_2_letter_spacing=\u00bb-3px\u00bb header_2_line_height=\u00bb1.1em\u00bb header_2_font_size_tablet=\u00bb50px\u00bb header_2_font_size_phone=\u00bb40px\u00bb header_2_font_size_last_edited=\u00bbon|phone\u00bb header_2_letter_spacing_tablet=\u00bb-3px\u00bb header_2_letter_spacing_phone=\u00bb-3px\u00bb header_2_letter_spacing_last_edited=\u00bbon|desktop\u00bb global_colors_info=\u00bb{}\u00bb]<\/p>\n<h2 style=\"text-align: left;\">Telef\u00e9rico Benalm\u00e1dena<\/h2>\n<p><strong><i class=\"fa-solid fa-clock\"><\/i> 11 min. | <i class=\"fa-solid fa-car\"><\/i> 5 km de nuestra Finca <\/strong>[\/et_pb_text][et_pb_text _builder_version=\u00bb4.27.0&#8243; _module_preset=\u00bbdefault\u00bb text_font=\u00bbPlus Jakarta Sans||||||||\u00bb text_text_color=\u00bb#919191&#8243; text_font_size=\u00bb17px\u00bb text_line_height=\u00bb2em\u00bb header_2_font=\u00bbPlus Jakarta Sans||||||||\u00bb header_2_text_align=\u00bbcenter\u00bb header_2_text_color=\u00bb#a5866f\u00bb header_2_font_size=\u00bb50px\u00bb header_2_letter_spacing=\u00bb-3px\u00bb header_2_line_height=\u00bb1.1em\u00bb custom_padding=\u00bb0px|||||\u00bb hover_enabled=\u00bb0&#8243; header_2_font_size_tablet=\u00bb50px\u00bb header_2_font_size_phone=\u00bb40px\u00bb header_2_font_size_last_edited=\u00bbon|phone\u00bb header_2_letter_spacing_tablet=\u00bb-3px\u00bb header_2_letter_spacing_phone=\u00bb-3px\u00bb header_2_letter_spacing_last_edited=\u00bbon|desktop\u00bb global_colors_info=\u00bb{}\u00bb sticky_enabled=\u00bb0&#8243;]<\/p>\n<p>El <span style=\"color: #c4c1bc;\"><strong>telef\u00e9rico de Benalm\u00e1dena<\/strong><\/span> tiene una <span style=\"color: #c4c1bc;\"><strong>longitud de 5565 metros<\/strong><\/span> y lleva <span style=\"color: #c4c1bc;\"><strong>en funcionamiento desde el a\u00f1o 2000<\/strong><\/span>. Conecta <span style=\"color: #c4c1bc;\"><strong>Arroyo de la Miel<\/strong> <\/span>a uno de los picos de la <span style=\"color: #c4c1bc;\"><strong>Sierra de Mijas<\/strong><\/span> hasta <span style=\"color: #c4c1bc;\"><strong>m\u00e1s de 700 metros sobre el nivel del mar<\/strong><\/span>. Desde aqu\u00ed tienes una gran vista de toda la provincia e incluso puedes ver el continente africano.<\/p>\n<p>[\/et_pb_text][et_pb_text disabled_on=\u00bboff|off|off\u00bb _builder_version=\u00bb4.27.0&#8243; _module_preset=\u00bbdefault\u00bb background_image=\u00bbhttps:\/\/www.fincalavidaloca.com\/wp-content\/uploads\/2024\/08\/teleferico_benalmadena_1.jpg\u00bb min_height=\u00bb60vh\u00bb min_height_tablet=\u00bb50vh\u00bb min_height_phone=\u00bb40vh\u00bb min_height_last_edited=\u00bbon|phone\u00bb scroll_vertical_motion=\u00bb0|50|50|100|1|0|-1&#8243; border_radii=\u00bbon|20px|20px|20px|20px\u00bb global_colors_info=\u00bb{}\u00bb][\/et_pb_text][\/et_pb_column][\/et_pb_row][\/et_pb_section][et_pb_section fb_built=\u00bb1&#8243; _builder_version=\u00bb4.25.1&#8243; _module_preset=\u00bbdefault\u00bb background_color=\u00bb#f2f2f2&#8243; custom_margin=\u00bb|10px||10px|false|false\u00bb animation_style=\u00bbslide\u00bb animation_direction=\u00bbbottom\u00bb border_radii=\u00bbon|20px|20px|20px|20px\u00bb locked=\u00bboff\u00bb collapsed=\u00bboff\u00bb global_colors_info=\u00bb{}\u00bb][et_pb_row use_custom_gutter=\u00bbon\u00bb gutter_width=\u00bb2&#8243; disabled_on=\u00bboff|off|off\u00bb _builder_version=\u00bb4.27.0&#8243; _module_preset=\u00bbdefault\u00bb width_tablet=\u00bb\u00bb width_phone=\u00bb93%\u00bb width_last_edited=\u00bbon|phone\u00bb global_colors_info=\u00bb{}\u00bb][et_pb_column type=\u00bb4_4&#8243; _builder_version=\u00bb4.27.0&#8243; _module_preset=\u00bbdefault\u00bb animation_direction=\u00bbbottom\u00bb global_colors_info=\u00bb{}\u00bb][et_pb_text admin_label=\u00bbText\u00bb _builder_version=\u00bb4.27.0&#8243; _module_preset=\u00bbdefault\u00bb text_font=\u00bbPlus Jakarta Sans||||||||\u00bb text_text_color=\u00bb#919191&#8243; text_font_size=\u00bb17px\u00bb text_line_height=\u00bb2em\u00bb header_2_font=\u00bbPlus Jakarta Sans||||||||\u00bb header_2_text_align=\u00bbcenter\u00bb header_2_text_color=\u00bb#d7d2c9&#8243; header_2_font_size=\u00bb50px\u00bb header_2_letter_spacing=\u00bb-3px\u00bb header_2_line_height=\u00bb1.1em\u00bb header_2_font_size_tablet=\u00bb50px\u00bb header_2_font_size_phone=\u00bb40px\u00bb header_2_font_size_last_edited=\u00bbon|phone\u00bb header_2_letter_spacing_tablet=\u00bb-3px\u00bb header_2_letter_spacing_phone=\u00bb-3px\u00bb header_2_letter_spacing_last_edited=\u00bbon|desktop\u00bb global_colors_info=\u00bb{}\u00bb]<\/p>\n<h2 style=\"text-align: left;\">Arroyo de la Miel<\/h2>\n<p><strong><i class=\"fa-solid fa-clock\"><\/i> 14 min. | <i class=\"fa-solid fa-car\"><\/i> 5,4 km de nuestra Finca <\/strong>[\/et_pb_text][et_pb_text _builder_version=\u00bb4.27.0&#8243; _module_preset=\u00bbdefault\u00bb text_font=\u00bbPlus Jakarta Sans||||||||\u00bb text_text_color=\u00bb#919191&#8243; text_font_size=\u00bb17px\u00bb text_line_height=\u00bb2em\u00bb header_2_font=\u00bbPlus Jakarta Sans||||||||\u00bb header_2_text_align=\u00bbcenter\u00bb header_2_text_color=\u00bb#a5866f\u00bb header_2_font_size=\u00bb50px\u00bb header_2_letter_spacing=\u00bb-3px\u00bb header_2_line_height=\u00bb1.1em\u00bb custom_padding=\u00bb0px|||||\u00bb hover_enabled=\u00bb0&#8243; header_2_font_size_tablet=\u00bb50px\u00bb header_2_font_size_phone=\u00bb40px\u00bb header_2_font_size_last_edited=\u00bbon|phone\u00bb header_2_letter_spacing_tablet=\u00bb-3px\u00bb header_2_letter_spacing_phone=\u00bb-3px\u00bb header_2_letter_spacing_last_edited=\u00bbon|desktop\u00bb global_colors_info=\u00bb{}\u00bb sticky_enabled=\u00bb0&#8243;]<\/p>\n<p>Arroyo de la Miel forma parte del municipio de Benalm\u00e1dena y es conocido sobre todo por sus numerosos <span style=\"color: #c4c1bc;\"><strong>centros comerciales<\/strong><\/span>, <span style=\"color: #c4c1bc;\"><strong>restaurantes<\/strong><\/span> y <span style=\"color: #c4c1bc;\"><strong>bares<\/strong><\/span>.<\/p>\n<p>[\/et_pb_text][et_pb_text disabled_on=\u00bboff|off|off\u00bb _builder_version=\u00bb4.27.0&#8243; _module_preset=\u00bbdefault\u00bb background_image=\u00bbhttps:\/\/www.fincalavidaloca.com\/wp-content\/uploads\/2024\/08\/arroyo_de_la_miel_1.jpg\u00bb background_position=\u00bbbottom_center\u00bb min_height=\u00bb60vh\u00bb min_height_tablet=\u00bb50vh\u00bb min_height_phone=\u00bb40vh\u00bb min_height_last_edited=\u00bbon|phone\u00bb scroll_vertical_motion=\u00bb0|50|50|100|1|0|-1&#8243; border_radii=\u00bbon|20px|20px|20px|20px\u00bb global_colors_info=\u00bb{}\u00bb][\/et_pb_text][\/et_pb_column][\/et_pb_row][\/et_pb_section][et_pb_section fb_built=\u00bb1&#8243; _builder_version=\u00bb4.25.1&#8243; _module_preset=\u00bbdefault\u00bb custom_margin=\u00bb||||false|false\u00bb custom_padding=\u00bb||||false|false\u00bb animation_style=\u00bbslide\u00bb animation_direction=\u00bbbottom\u00bb locked=\u00bboff\u00bb collapsed=\u00bboff\u00bb global_colors_info=\u00bb{}\u00bb][et_pb_row use_custom_gutter=\u00bbon\u00bb gutter_width=\u00bb2&#8243; disabled_on=\u00bboff|off|off\u00bb _builder_version=\u00bb4.27.0&#8243; _module_preset=\u00bbdefault\u00bb width_tablet=\u00bb\u00bb width_phone=\u00bb93%\u00bb width_last_edited=\u00bbon|phone\u00bb global_colors_info=\u00bb{}\u00bb][et_pb_column type=\u00bb4_4&#8243; _builder_version=\u00bb4.27.0&#8243; _module_preset=\u00bbdefault\u00bb animation_direction=\u00bbbottom\u00bb global_colors_info=\u00bb{}\u00bb][et_pb_text admin_label=\u00bbText\u00bb _builder_version=\u00bb4.27.0&#8243; _module_preset=\u00bbdefault\u00bb text_font=\u00bbPlus Jakarta Sans||||||||\u00bb text_text_color=\u00bb#919191&#8243; text_font_size=\u00bb17px\u00bb text_line_height=\u00bb2em\u00bb header_2_font=\u00bbPlus Jakarta Sans||||||||\u00bb header_2_text_align=\u00bbcenter\u00bb header_2_text_color=\u00bb#d7d2c9&#8243; header_2_font_size=\u00bb50px\u00bb header_2_letter_spacing=\u00bb-3px\u00bb header_2_line_height=\u00bb1.1em\u00bb header_2_font_size_tablet=\u00bb50px\u00bb header_2_font_size_phone=\u00bb40px\u00bb header_2_font_size_last_edited=\u00bbon|phone\u00bb header_2_letter_spacing_tablet=\u00bb-3px\u00bb header_2_letter_spacing_phone=\u00bb-3px\u00bb header_2_letter_spacing_last_edited=\u00bbon|desktop\u00bb global_colors_info=\u00bb{}\u00bb]<\/p>\n<h2 style=\"text-align: left;\">El Parque de la Paloma<\/h2>\n<p><strong><i class=\"fa-solid fa-clock\"><\/i> 14 min. | <i class=\"fa-solid fa-car\"><\/i> 6,2 km de nuestra Finca <\/strong>[\/et_pb_text][et_pb_text _builder_version=\u00bb4.27.0&#8243; _module_preset=\u00bbdefault\u00bb text_font=\u00bbPlus Jakarta Sans||||||||\u00bb text_text_color=\u00bb#919191&#8243; text_font_size=\u00bb17px\u00bb text_line_height=\u00bb2em\u00bb header_2_font=\u00bbPlus Jakarta Sans||||||||\u00bb header_2_text_align=\u00bbcenter\u00bb header_2_text_color=\u00bb#a5866f\u00bb header_2_font_size=\u00bb50px\u00bb header_2_letter_spacing=\u00bb-3px\u00bb header_2_line_height=\u00bb1.1em\u00bb custom_padding=\u00bb0px|||||\u00bb hover_enabled=\u00bb0&#8243; header_2_font_size_tablet=\u00bb50px\u00bb header_2_font_size_phone=\u00bb40px\u00bb header_2_font_size_last_edited=\u00bbon|phone\u00bb header_2_letter_spacing_tablet=\u00bb-3px\u00bb header_2_letter_spacing_phone=\u00bb-3px\u00bb header_2_letter_spacing_last_edited=\u00bbon|desktop\u00bb global_colors_info=\u00bb{}\u00bb sticky_enabled=\u00bb0&#8243;]<\/p>\n<p>Benalm\u00e1dena cuenta con un parque muy bonito de <span style=\"color: #c4c1bc;\"><strong>unos 200.000 m2<\/strong><\/span> y tiene varias entradas. Una de estas entradas est\u00e1 a tiro de piedra de la playa.<\/p>\n<p>Especialmente los fines de semana, el parque es muy popular ya que es una gran <span style=\"color: #c4c1bc;\"><strong>zona verde<\/strong><\/span> con <span style=\"color: #c4c1bc;\"><strong>varios senderos<\/strong><\/span>, <span style=\"color: #c4c1bc;\"><strong>un lago artificial<\/strong><\/span>varios animales, entre ellos <span style=\"color: #c4c1bc;\"><strong>gallinas<\/strong><\/span>, <span style=\"color: #c4c1bc;\"><strong>gallos<\/strong><\/span> y <span style=\"color: #c4c1bc;\"><strong>conejos<\/strong><\/span>. Tambi\u00e9n hay un <span style=\"color: #c4c1bc;\"><strong>peque\u00f1o zoo con cabras montesas<\/strong><\/span> visita.<\/p>\n<p>Adem\u00e1s de la fauna y flora locales, hay por supuesto m\u00e1s que suficientes puntos de venta de comida y bebida, zonas de c\u00e9sped y bancos para relajarse un rato.<\/p>\n<p>[\/et_pb_text][et_pb_text disabled_on=\u00bboff|off|off\u00bb _builder_version=\u00bb4.27.0&#8243; _module_preset=\u00bbdefault\u00bb background_image=\u00bbhttps:\/\/www.fincalavidaloca.com\/wp-content\/uploads\/2024\/08\/el_parque_de_la_paloma_1.jpg\u00bb min_height=\u00bb60vh\u00bb min_height_tablet=\u00bb50vh\u00bb min_height_phone=\u00bb40vh\u00bb min_height_last_edited=\u00bbon|phone\u00bb scroll_vertical_motion=\u00bb0|50|50|100|1|0|-1&#8243; border_radii=\u00bbon|20px|20px|20px|20px\u00bb global_colors_info=\u00bb{}\u00bb][\/et_pb_text][\/et_pb_column][\/et_pb_row][\/et_pb_section][et_pb_section fb_built=\u00bb1&#8243; _builder_version=\u00bb4.25.1&#8243; _module_preset=\u00bbdefault\u00bb background_color=\u00bb#f2f2f2&#8243; custom_margin=\u00bb|10px||10px|false|false\u00bb animation_style=\u00bbslide\u00bb animation_direction=\u00bbbottom\u00bb border_radii=\u00bbon|20px|20px|20px|20px\u00bb locked=\u00bboff\u00bb collapsed=\u00bboff\u00bb global_colors_info=\u00bb{}\u00bb][et_pb_row use_custom_gutter=\u00bbon\u00bb gutter_width=\u00bb2&#8243; disabled_on=\u00bboff|off|off\u00bb _builder_version=\u00bb4.27.0&#8243; _module_preset=\u00bbdefault\u00bb width_tablet=\u00bb\u00bb width_phone=\u00bb93%\u00bb width_last_edited=\u00bbon|phone\u00bb global_colors_info=\u00bb{}\u00bb][et_pb_column type=\u00bb4_4&#8243; _builder_version=\u00bb4.27.0&#8243; _module_preset=\u00bbdefault\u00bb animation_direction=\u00bbbottom\u00bb global_colors_info=\u00bb{}\u00bb][et_pb_text admin_label=\u00bbText\u00bb _builder_version=\u00bb4.27.0&#8243; _module_preset=\u00bbdefault\u00bb text_font=\u00bbPlus Jakarta Sans||||||||\u00bb text_text_color=\u00bb#919191&#8243; text_font_size=\u00bb17px\u00bb text_line_height=\u00bb2em\u00bb header_2_font=\u00bbPlus Jakarta Sans||||||||\u00bb header_2_text_align=\u00bbcenter\u00bb header_2_text_color=\u00bb#d7d2c9&#8243; header_2_font_size=\u00bb50px\u00bb header_2_letter_spacing=\u00bb-3px\u00bb header_2_line_height=\u00bb1.1em\u00bb header_2_font_size_tablet=\u00bb50px\u00bb header_2_font_size_phone=\u00bb40px\u00bb header_2_font_size_last_edited=\u00bbon|phone\u00bb header_2_letter_spacing_tablet=\u00bb-3px\u00bb header_2_letter_spacing_phone=\u00bb-3px\u00bb header_2_letter_spacing_last_edited=\u00bbon|desktop\u00bb global_colors_info=\u00bb{}\u00bb]<\/p>\n<h2 style=\"text-align: left;\">Puerto Marina Benalm\u00e1dena<\/h2>\n<p><strong><i class=\"fa-solid fa-clock\"><\/i> 18 min. | <i class=\"fa-solid fa-car\"> <\/i> 7,5 km de nuestra Finca <\/strong>[\/et_pb_text][et_pb_text _builder_version=\u00bb4.27.6&#8243; _module_preset=\u00bbdefault\u00bb text_font=\u00bbPlus Jakarta Sans||||||||\u00bb text_text_color=\u00bb#919191&#8243; text_font_size=\u00bb17px\u00bb text_line_height=\u00bb2em\u00bb header_2_font=\u00bbPlus Jakarta Sans||||||||\u00bb header_2_text_align=\u00bbcenter\u00bb header_2_text_color=\u00bb#a5866f\u00bb header_2_font_size=\u00bb50px\u00bb header_2_letter_spacing=\u00bb-3px\u00bb header_2_line_height=\u00bb1.1em\u00bb custom_padding=\u00bb5px|||||\u00bb hover_enabled=\u00bb0&#8243; header_2_font_size_tablet=\u00bb50px\u00bb header_2_font_size_phone=\u00bb40px\u00bb header_2_font_size_last_edited=\u00bbon|phone\u00bb header_2_letter_spacing_tablet=\u00bb-3px\u00bb header_2_letter_spacing_phone=\u00bb-3px\u00bb header_2_letter_spacing_last_edited=\u00bbon|desktop\u00bb global_colors_info=\u00bb{}\u00bb sticky_enabled=\u00bb0&#8243;]<\/p>\n<p>El Puerto Marina Benalm\u00e1dena es un <span style=\"color: #c4c1bc;\"><strong>hermoso puerto deportivo con m\u00e1s de 1.000 amarres<\/strong><\/span>. El puerto ha sido elegido dos veces <span style=\"color: #c4c1bc;\"><strong>Mejor puerto deportivo del mundo<\/strong><\/span> y por sus <span style=\"color: #c4c1bc;\"><strong>numerosas regatas<\/strong><\/span> y <span style=\"color: #c4c1bc;\"><strong>campeonatos de pesca<\/strong><\/span> se ha forjado una reputaci\u00f3n internacional.<\/p>\n<p>[\/et_pb_text][et_pb_text disabled_on=\u00bboff|off|off\u00bb _builder_version=\u00bb4.27.0&#8243; _module_preset=\u00bbdefault\u00bb background_image=\u00bbhttps:\/\/www.fincalavidaloca.com\/wp-content\/uploads\/2024\/08\/benalmadena_puerto_1.jpg\u00bb background_position=\u00bbbottom_center\u00bb min_height=\u00bb60vh\u00bb min_height_tablet=\u00bb50vh\u00bb min_height_phone=\u00bb40vh\u00bb min_height_last_edited=\u00bbon|phone\u00bb scroll_vertical_motion=\u00bb0|50|50|100|1|0|-1&#8243; border_radii=\u00bbon|20px|20px|20px|20px\u00bb global_colors_info=\u00bb{}\u00bb][\/et_pb_text][\/et_pb_column][\/et_pb_row][\/et_pb_section][et_pb_section fb_built=\u00bb1&#8243; disabled_on=\u00bboff|off|off\u00bb _builder_version=\u00bb4.25.1&#8243; _module_preset=\u00bbdefault\u00bb custom_margin=\u00bb|10px||10px|false|false\u00bb custom_padding=\u00bb0px||0px||false|false\u00bb animation_style=\u00bbslide\u00bb animation_direction=\u00bbbottom\u00bb border_radii=\u00bbon|20px|20px|20px|20px\u00bb locked=\u00bboff\u00bb collapsed=\u00bboff\u00bb global_colors_info=\u00bb{}\u00bb custom_padding__hover_enabled=\u00bboff|desktop\u00bb][et_pb_row _builder_version=\u00bb4.25.0&#8243; _module_preset=\u00bbdefault\u00bb width_tablet=\u00bb\u00bb width_phone=\u00bb93%\u00bb width_last_edited=\u00bbon|phone\u00bb locked=\u00bboff\u00bb global_colors_info=\u00bb{}\u00bb width__hover_enabled=\u00bbon|desktop\u00bb][et_pb_column type=\u00bb4_4&#8243; _builder_version=\u00bb4.24.2&#8243; _module_preset=\u00bbdefault\u00bb global_colors_info=\u00bb{}\u00bb][et_pb_text _builder_version=\u00bb4.27.4&#8243; _module_preset=\u00bbdefault\u00bb text_font=\u00bbNanum Myeongjo||||||||\u00bb text_text_color=\u00bb#cccccc\u00bb text_font_size=\u00bb50px\u00bb text_letter_spacing=\u00bb-3px\u00bb text_line_height=\u00bb1.1em\u00bb header_2_font=\u00bbPlus Jakarta Sans||||||||\u00bb header_2_text_align=\u00bbcenter\u00bb header_2_text_color=\u00bb#d7d2c9&#8243; header_2_font_size=\u00bb50px\u00bb header_2_letter_spacing=\u00bb-3px\u00bb header_2_line_height=\u00bb1.1em\u00bb text_orientation=\u00bbcenter\u00bb text_font_size_tablet=\u00bb40px\u00bb text_font_size_phone=\u00bb30px\u00bb text_font_size_last_edited=\u00bbon|phone\u00bb header_2_font_size_tablet=\u00bb50px\u00bb header_2_font_size_phone=\u00bb40px\u00bb header_2_font_size_last_edited=\u00bbon|phone\u00bb header_2_letter_spacing_tablet=\u00bb-3px\u00bb header_2_letter_spacing_phone=\u00bb-3px\u00bb header_2_letter_spacing_last_edited=\u00bbon|desktop\u00bb locked=\u00bboff\u00bb global_colors_info=\u00bb{}\u00bb]<\/p>\n<h2>\u00bfQuieres reservar ya tus vacaciones?<br \/><span style=\"font-family: Times New Roman, Georgia, serif !important; color: #cccccc; letter-spacing: 1px;\"><em>\u00a1Haz clic en el bot\u00f3n y reserva ya!<\/em><\/span><\/h2>\n<p>[\/et_pb_text][et_pb_button button_url=\u00bbhttps:\/\/www.fincalavidaloca.com\/es\/reservar\u00bb url_new_window=\u00bbon\u00bb button_text=\u00bbRESERVAR AHORA\u00bb button_alignment=\u00bbcenter\u00bb _builder_version=\u00bb4.27.4&#8243; _module_preset=\u00bbdefault\u00bb custom_button=\u00bbon\u00bb button_text_color=\u00bb#FFFFFF\u00bb button_bg_color=\u00bb#d7d2c9&#8243; button_border_width=\u00bb0px\u00bb button_border_radius=\u00bb10px\u00bb button_letter_spacing=\u00bb0px\u00bb button_font=\u00bbPlus Jakarta Sans||||||||\u00bb button_icon=\u00bb&#xe03c;||divi||400&#8243; button_icon_placement=\u00bbleft\u00bb button_on_hover=\u00bboff\u00bb custom_margin=\u00bb||25px||false|false\u00bb custom_margin_tablet=\u00bb||25px||false|false\u00bb custom_margin_phone=\u00bb||25px||false|false\u00bb custom_margin_last_edited=\u00bbon|phone\u00bb custom_padding=\u00bb10px||10px||true|false\u00bb button_text_size_tablet=\u00bb\u00bb button_text_size_phone=\u00bb18px\u00bb button_text_size_last_edited=\u00bbon|phone\u00bb locked=\u00bboff\u00bb global_colors_info=\u00bb{}\u00bb transform_styles__hover_enabled=\u00bbon|hover\u00bb transform_scale__hover=\u00bb102%|102%\u00bb transform_scale__hover_enabled=\u00bbon|hover\u00bb transform_translate__hover_enabled=\u00bbon|desktop\u00bb transform_rotate__hover_enabled=\u00bbon|desktop\u00bb transform_skew__hover_enabled=\u00bbon|desktop\u00bb transform_origin__hover_enabled=\u00bbon|desktop\u00bb][\/et_pb_button][\/et_pb_column][\/et_pb_row][\/et_pb_section][et_pb_section fb_built=\u00bb1&#8243; disabled_on=\u00bboff|off|off\u00bb module_class=\u00bbhero-custom-section\u00bb _builder_version=\u00bb4.27.0&#8243; _module_preset=\u00bbdefault\u00bb use_background_color_gradient=\u00bbon\u00bb background_color_gradient_stops=\u00bbrgba(215,210,201,0.75) 0%|#d7d2c9 100%\u00bb background_color_gradient_overlays_image=\u00bbon\u00bb custom_margin=\u00bb|10px||10px|false|false\u00bb custom_padding=\u00bb0px||0px||false|false\u00bb border_radii=\u00bboff|20px|20px||\u00bb box_shadow_style=\u00bbpreset1&#8243; global_module=\u00bb11119&#8243; saved_tabs=\u00bball\u00bb locked=\u00bboff\u00bb collapsed=\u00bboff\u00bb global_colors_info=\u00bb{}\u00bb][et_pb_row _builder_version=\u00bb4.24.2&#8243; _module_preset=\u00bbdefault\u00bb width=\u00bb100%\u00bb width_last_edited=\u00bboff|desktop\u00bb max_width=\u00bb100%\u00bb custom_padding=\u00bb|20px||20px|false|false\u00bb collapsed=\u00bboff\u00bb global_colors_info=\u00bb{}\u00bb][et_pb_column type=\u00bb4_4&#8243; _builder_version=\u00bb4.24.2&#8243; _module_preset=\u00bbdefault\u00bb global_colors_info=\u00bb{}\u00bb][et_pb_text _builder_version=\u00bb4.27.4&#8243; _module_preset=\u00bbdefault\u00bb text_font=\u00bbNanum Myeongjo||||||||\u00bb text_text_color=\u00bb#FFFFFF\u00bb text_font_size=\u00bb45px\u00bb text_letter_spacing=\u00bb-3px\u00bb text_line_height=\u00bb1.1em\u00bb header_2_font=\u00bbPlus Jakarta Sans||||||||\u00bb header_2_text_align=\u00bbleft\u00bb header_2_text_color=\u00bb#FFFFFF\u00bb header_2_font_size=\u00bb50px\u00bb header_2_letter_spacing=\u00bb-3px\u00bb header_2_line_height=\u00bb1.1em\u00bb text_font_size_tablet=\u00bb40px\u00bb text_font_size_phone=\u00bb30px\u00bb text_font_size_last_edited=\u00bbon|desktop\u00bb header_2_font_size_tablet=\u00bb50px\u00bb header_2_font_size_phone=\u00bb40px\u00bb header_2_font_size_last_edited=\u00bbon|phone\u00bb header_2_letter_spacing_tablet=\u00bb-3px\u00bb header_2_letter_spacing_phone=\u00bb-3px\u00bb header_2_letter_spacing_last_edited=\u00bbon|desktop\u00bb global_colors_info=\u00bb{}\u00bb]<\/p>\n<h2>Disfruta de unas vacaciones maravillosas<br \/><span style=\"font-family: Times New Roman, Georgia, serif !important; color: #ffffff; letter-spacing: 1px;\"><em>En nuestra encantadora Finca<\/em><\/span><\/h2>\n<p>[\/et_pb_text][\/et_pb_column][\/et_pb_row][et_pb_row column_structure=\u00bb2_5,3_5&#8243; use_custom_gutter=\u00bbon\u00bb gutter_width=\u00bb2&#8243; make_equal=\u00bbon\u00bb _builder_version=\u00bb4.27.0&#8243; _module_preset=\u00bbdefault\u00bb width=\u00bb100%\u00bb width_last_edited=\u00bboff|desktop\u00bb max_width=\u00bb100%\u00bb custom_padding=\u00bb|20px|0px|20px|false|false\u00bb border_radii=\u00bboff|1px|||\u00bb collapsed=\u00bboff\u00bb global_colors_info=\u00bb{}\u00bb width__hover_enabled=\u00bboff|desktop\u00bb][et_pb_column type=\u00bb2_5&#8243; _builder_version=\u00bb4.25.0&#8243; _module_preset=\u00bbdefault\u00bb background_color=\u00bbrgba(255,255,255,0.75)\u00bb custom_padding=\u00bb20px|20px|20px|20px|false|false\u00bb custom_css_main_element=\u00bbdisplay: flex;||flex-direction: column;||justify-content: center;\u00bb border_radii=\u00bbon|20px|20px|20px|20px\u00bb global_colors_info=\u00bb{}\u00bb][et_pb_text _builder_version=\u00bb4.27.4&#8243; _module_preset=\u00bbdefault\u00bb text_font=\u00bbPlus Jakarta Sans||||||||\u00bb text_text_color=\u00bb#919191&#8243; text_font_size=\u00bb17px\u00bb text_line_height=\u00bb2em\u00bb link_font=\u00bbPlus Jakarta Sans||||||||\u00bb link_text_color=\u00bb#919191&#8243; header_2_font=\u00bbPlus Jakarta Sans||||||||\u00bb header_2_text_align=\u00bbcenter\u00bb header_2_text_color=\u00bb#a5866f\u00bb header_2_font_size=\u00bb50px\u00bb header_2_letter_spacing=\u00bb-3px\u00bb header_2_line_height=\u00bb1.1em\u00bb text_orientation=\u00bbcenter\u00bb header_2_font_size_tablet=\u00bb50px\u00bb header_2_font_size_phone=\u00bb40px\u00bb header_2_font_size_last_edited=\u00bbon|phone\u00bb header_2_letter_spacing_tablet=\u00bb-3px\u00bb header_2_letter_spacing_phone=\u00bb-3px\u00bb header_2_letter_spacing_last_edited=\u00bbon|desktop\u00bb global_colors_info=\u00bb{}\u00bb]<strong><span style=\"color: #c4c1bc;\">Finca La Vida Loca<\/span><\/strong><br \/>\n29639 Benalm\u00e1dena Pueblo<br \/>\nM\u00e1laga, Espa\u00f1a<br \/>\n<span style=\"color: #c4c1bc;\"><i class=\"fa-solid fa-map-location-dot\"><\/i><\/span> <a href=\"https:\/\/www.google.com\/maps?ll=36.592794,-4.561991&#038;z=17&#038;t=m&#038;hl=es&#038;gl=BE&#038;mapclient=embed&#038;cid=2135814571653839641\" target=\"_blank\" rel=\"noopener noreferrer nofollow\">Ruta a nuestra Finca<\/a><\/p>\n<\/p>\n<p><span style=\"color: #c4c1bc;\"><i class=\"fa-solid fa-phone\"><\/i><\/span> 0032 476 25 25 45<br \/>\n<span style=\"color: #c4c1bc;\"><i class=\"fa-brands fa-whatsapp fa-lg\"><\/i><\/span> <a title=\"Env\u00edanos un mensaje\" href=\"https:\/\/wa.me\/32476252545?text=Querida, tengo una pregunta sobre tu alojamiento.\" target=\"_blank\" rel=\"noopener noreferrer nofollow\">\u00bfUna pregunta? Env\u00edanos un mensaje.<\/a><br \/>\n<span style=\"color: #c4c1bc;\"><i class=\"fa-solid fa-envelope\"><\/i><\/span> <a><script type=\"text\/javascript\">document.write('\\u0069\\u006e\\u0066\\u006f\\u0040\\u0066\\u0069\\u006e\\u0063\\u0061\\u006c\\u0061\\u0076\\u0069\\u0064\\u0061\\u006c\\u006f\\u0063\\u0061\\u002e\\u0063\\u006f\\u006d')<\/script><\/a><\/p>\n<p>[\/et_pb_text][et_pb_button button_url=\u00bbhttps:\/\/www.fincalavidaloca.com\/es\/contacto\u00bb button_text=\u00bbCONT\u00c1CTANOS\u00bb button_alignment=\u00bbcenter\u00bb _builder_version=\u00bb4.27.0&#8243; _module_preset=\u00bbdefault\u00bb custom_button=\u00bbon\u00bb button_text_color=\u00bb#FFFFFF\u00bb button_bg_color=\u00bb#d7d2c9&#8243; button_border_width=\u00bb0px\u00bb button_border_radius=\u00bb10px\u00bb button_letter_spacing=\u00bb0px\u00bb button_font=\u00bbPlus Jakarta Sans||||||||\u00bb button_icon=\u00bb&#xe03c;||divi||400&#8243; button_icon_placement=\u00bbleft\u00bb button_on_hover=\u00bboff\u00bb custom_margin=\u00bb||25px||false|false\u00bb custom_margin_tablet=\u00bb||25px||false|false\u00bb custom_margin_phone=\u00bb||25px||false|false\u00bb custom_margin_last_edited=\u00bbon|phone\u00bb custom_padding=\u00bb10px||10px||true|false\u00bb button_text_size_tablet=\u00bb\u00bb button_text_size_phone=\u00bb18px\u00bb button_text_size_last_edited=\u00bbon|phone\u00bb locked=\u00bboff\u00bb global_colors_info=\u00bb{}\u00bb transform_styles__hover_enabled=\u00bbon|hover\u00bb transform_scale__hover=\u00bb102%|102%\u00bb transform_scale__hover_enabled=\u00bbon|hover\u00bb transform_translate__hover_enabled=\u00bbon|desktop\u00bb transform_rotate__hover_enabled=\u00bbon|desktop\u00bb transform_skew__hover_enabled=\u00bbon|desktop\u00bb transform_origin__hover_enabled=\u00bbon|desktop\u00bb][\/et_pb_button][et_pb_text _builder_version=\u00bb4.27.5&#8243; _module_preset=\u00bbdefault\u00bb text_font=\u00bbPlus Jakarta Sans||||||||\u00bb text_text_color=\u00bb#919191&#8243; text_font_size=\u00bb17px\u00bb text_line_height=\u00bb2em\u00bb header_2_font=\u00bbPlus Jakarta Sans||||||||\u00bb header_2_text_align=\u00bbcenter\u00bb header_2_text_color=\u00bb#a5866f\u00bb header_2_font_size=\u00bb50px\u00bb header_2_letter_spacing=\u00bb-3px\u00bb header_2_line_height=\u00bb1.1em\u00bb text_orientation=\u00bbcenter\u00bb header_2_font_size_tablet=\u00bb50px\u00bb header_2_font_size_phone=\u00bb40px\u00bb header_2_font_size_last_edited=\u00bbon|phone\u00bb header_2_letter_spacing_tablet=\u00bb-3px\u00bb header_2_letter_spacing_phone=\u00bb-3px\u00bb header_2_letter_spacing_last_edited=\u00bbon|desktop\u00bb global_colors_info=\u00bb{}\u00bb]<a href=\"https:\/\/www.facebook.com\/fincalavidaloca\/\" target=\"_blank\" rel=\"nofollow noopener\"><i class=\"fa-brands fa-square-facebook fa-3x\" style=\"color: #d7d2c9;\"><\/i><\/a> <a href=\"https:\/\/www.instagram.com\/fincalavidaloca\/\" target=\"_blank\" rel=\"nofollow noopener\"><i class=\"fa-brands fa-square-instagram fa-3x\" style=\"color: #d7d2c9;\"><\/i><\/a><br \/><span style=\"font-size: 10px;\">ES B56575574<\/span><br \/><span style=\"font-size: 10px;\">\u00a9 2026 B&amp;B FINCA LA VIDA LOCA<\/span>[\/et_pb_text][\/et_pb_column][et_pb_column type=\u00bb3_5&#8243; _builder_version=\u00bb4.24.2&#8243; _module_preset=\u00bbdefault\u00bb custom_css_main_element=\u00bbdisplay: flex;||flex-direction: column;||justify-content: center;\u00bb global_colors_info=\u00bb{}\u00bb][et_pb_code disabled_on=\u00bbon|off|off\u00bb _builder_version=\u00bb4.27.4&#8243; _module_preset=\u00bbdefault\u00bb custom_margin=\u00bb||-7px||false|false\u00bb global_colors_info=\u00bb{}\u00bb]<iframe src=\"https:\/\/www.google.com\/maps\/embed?pb=!1m14!1m8!1m3!1d3203.4028847295185!2d-4.5645419!3d36.5926047!3m2!1i1024!2i768!4f13.1!3m3!1m2!1s0xd72fcb3566ac5dd%3A0x1da3f0097187bb19!2sFinca%20La%20Vida%20Loca!5e0!3m2!1ses!2sbe!4v1746815051092!5m2!1ses!2sbe\" width=\"100%\" height=\"550px\" style=\"border:0px;border-radius:20px\" allowfullscreen=\"\" loading=\"lazy\" referrerpolicy=\"no-referrer-when-downgrade\"><\/iframe>[\/et_pb_code][et_pb_code disabled_on=\u00bboff|on|on\u00bb _builder_version=\u00bb4.27.4&#8243; _module_preset=\u00bbdefault\u00bb custom_margin=\u00bb||-7px||false|false\u00bb global_colors_info=\u00bb{}\u00bb]<iframe src=\"https:\/\/www.google.com\/maps\/embed?pb=!1m14!1m8!1m3!1d3203.4028847295185!2d-4.5645419!3d36.5926047!3m2!1i1024!2i768!4f13.1!3m3!1m2!1s0xd72fcb3566ac5dd%3A0x1da3f0097187bb19!2sFinca%20La%20Vida%20Loca!5e0!3m2!1ses!2sbe!4v1746815051092!5m2!1ses!2sbe\" width=\"100%\" height=\"275px\" style=\"border:0px;border-radius:20px\" allowfullscreen=\"\" loading=\"lazy\" referrerpolicy=\"no-referrer-when-downgrade\"><\/iframe>[\/et_pb_code][\/et_pb_column][\/et_pb_row][et_pb_row _builder_version=\u00bb4.27.0&#8243; _module_preset=\u00bbdefault\u00bb width=\u00bb100%\u00bb max_width=\u00bb100%\u00bb custom_padding=\u00bb10px|20px|10px|20px|false|false\u00bb global_colors_info=\u00bb{}\u00bb][et_pb_column type=\u00bb4_4&#8243; _builder_version=\u00bb4.27.0&#8243; _module_preset=\u00bbdefault\u00bb global_colors_info=\u00bb{}\u00bb][et_pb_text _builder_version=\u00bb4.27.5&#8243; _module_preset=\u00bbdefault\u00bb text_font=\u00bbPlus Jakarta Sans||||||||\u00bb text_text_color=\u00bb#FFFFFF\u00bb link_font=\u00bbPlus Jakarta Sans||||||||\u00bb link_text_color=\u00bb#FFFFFF\u00bb locked=\u00bboff\u00bb global_colors_info=\u00bb{}\u00bb]<\/p>\n<p style=\"text-align: center;\"><span style=\"font-size: 10px;\"><a href=\"https:\/\/www.fincalavidaloca.com\/es\/condiciones-generales\/\">Condiciones generales<\/a> | <a href=\"https:\/\/www.fincalavidaloca.com\/es\/normativa-interna\/\">Estatutos<\/a> | <a href=\"https:\/\/www.fincalavidaloca.com\/es\/declaracion-de-privacidad\/\">Declaraci\u00f3n de privacidad<\/a><\/span><\/p>\n<p>[\/et_pb_text][\/et_pb_column][\/et_pb_row][\/et_pb_section]<\/p>\n","protected":false},"excerpt":{"rendered":"<p>ActividadesCercaBenalm\u00e1denaLa localidad costera donde se encuentra nuestra FincaBenalm\u00e1dena consta de 3 partes: Benalm\u00e1dena Pueblo, Benalm\u00e1dena Costa y Arroyo de la Miel (un aut\u00e9ntico para\u00edso de las compras). Nuestra Finca est\u00e1 situada en el pueblo de Benalm\u00e1dena Pueblo. Este pueblo est\u00e1 formado principalmente por casas blancas, calles estrechas y bonitas con cafeter\u00edas y tiendas. Desde este [&hellip;]<\/p>\n","protected":false},"author":1,"featured_media":0,"parent":10460,"menu_order":0,"comment_status":"closed","ping_status":"closed","template":"","meta":{"_et_pb_use_builder":"on","_et_pb_old_content":"","_et_gb_content_width":"","footnotes":""},"class_list":["post-10463","page","type-page","status-publish","hentry"],"_links":{"self":[{"href":"https:\/\/www.fincalavidaloca.com\/es\/wp-json\/wp\/v2\/pages\/10463","targetHints":{"allow":["GET"]}}],"collection":[{"href":"https:\/\/www.fincalavidaloca.com\/es\/wp-json\/wp\/v2\/pages"}],"about":[{"href":"https:\/\/www.fincalavidaloca.com\/es\/wp-json\/wp\/v2\/types\/page"}],"author":[{"embeddable":true,"href":"https:\/\/www.fincalavidaloca.com\/es\/wp-json\/wp\/v2\/users\/1"}],"replies":[{"embeddable":true,"href":"https:\/\/www.fincalavidaloca.com\/es\/wp-json\/wp\/v2\/comments?post=10463"}],"version-history":[{"count":37,"href":"https:\/\/www.fincalavidaloca.com\/es\/wp-json\/wp\/v2\/pages\/10463\/revisions"}],"predecessor-version":[{"id":13838,"href":"https:\/\/www.fincalavidaloca.com\/es\/wp-json\/wp\/v2\/pages\/10463\/revisions\/13838"}],"up":[{"embeddable":true,"href":"https:\/\/www.fincalavidaloca.com\/es\/wp-json\/wp\/v2\/pages\/10460"}],"wp:attachment":[{"href":"https:\/\/www.fincalavidaloca.com\/es\/wp-json\/wp\/v2\/media?parent=10463"}],"curies":[{"name":"wp","href":"https:\/\/api.w.org\/{rel}","templated":true}]}}