{"id":10461,"date":"2024-08-15T11:39:32","date_gmt":"2024-08-15T09:39:32","guid":{"rendered":"https:\/\/www.fincalavidaloca.com\/condiciones-generales\/"},"modified":"2026-01-03T14:32:54","modified_gmt":"2026-01-03T13:32:54","slug":"condiciones-generales","status":"publish","type":"page","link":"https:\/\/www.fincalavidaloca.com\/es\/condiciones-generales\/","title":{"rendered":"Condiciones generales"},"content":{"rendered":"<p>[et_pb_section fb_built=\u00bb1&#8243; custom_padding_last_edited=\u00bbon|phone\u00bb _builder_version=\u00bb4.25.2&#8243; _module_preset=\u00bbdefault\u00bb custom_margin=\u00bb||||false|false\u00bb custom_padding=\u00bb||||false|false\u00bb custom_padding_tablet=\u00bb||||false|false\u00bb custom_padding_phone=\u00bb||0px||false|false\u00bb animation_style=\u00bbslide\u00bb animation_direction=\u00bbbottom\u00bb locked=\u00bboff\u00bb global_colors_info=\u00bb{}\u00bb][et_pb_row custom_padding_last_edited=\u00bbon|phone\u00bb _builder_version=\u00bb4.25.2&#8243; _module_preset=\u00bbdefault\u00bb width_tablet=\u00bb\u00bb width_phone=\u00bb93%\u00bb width_last_edited=\u00bbon|phone\u00bb custom_margin_phone=\u00bb||||false|false\u00bb custom_margin_last_edited=\u00bboff|desktop\u00bb custom_padding=\u00bb||||false|false\u00bb custom_padding_tablet=\u00bb||||false|false\u00bb custom_padding_phone=\u00bb||0px||false|false\u00bb global_colors_info=\u00bb{}\u00bb][et_pb_column type=\u00bb4_4&#8243; _builder_version=\u00bb4.27.0&#8243; _module_preset=\u00bbdefault\u00bb global_colors_info=\u00bb{}\u00bb][et_pb_text disabled_on=\u00bboff|off|off\u00bb _builder_version=\u00bb4.27.4&#8243; _module_preset=\u00bbdefault\u00bb text_font=\u00bbNanum Myeongjo||||||||\u00bb text_text_color=\u00bb#cccccc\u00bb text_font_size=\u00bb45px\u00bb text_letter_spacing=\u00bb-3px\u00bb text_line_height=\u00bb1.1em\u00bb header_2_font=\u00bbPlus Jakarta Sans||||||||\u00bb header_2_text_align=\u00bbcenter\u00bb header_2_text_color=\u00bb#d7d2c9&#8243; header_2_font_size=\u00bb50px\u00bb header_2_letter_spacing=\u00bb-3px\u00bb header_2_line_height=\u00bb1.1em\u00bb text_orientation=\u00bbcenter\u00bb text_font_size_tablet=\u00bb40px\u00bb text_font_size_phone=\u00bb30px\u00bb text_font_size_last_edited=\u00bbon|desktop\u00bb header_2_font_size_tablet=\u00bb50px\u00bb header_2_font_size_phone=\u00bb40px\u00bb header_2_font_size_last_edited=\u00bbon|phone\u00bb header_2_letter_spacing_tablet=\u00bb-3px\u00bb header_2_letter_spacing_phone=\u00bb-3px\u00bb header_2_letter_spacing_last_edited=\u00bbon|desktop\u00bb locked=\u00bboff\u00bb global_colors_info=\u00bb{}\u00bb]<\/p>\n<h2 style=\"text-align: left;\">Condiciones generales<br \/><span style=\"font-family: Times New Roman, Georgia, serif !important; color: #cccccc; letter-spacing: 1px;\"><em>Y\/o condiciones de reserva<\/em><\/span><\/h2>\n<p>[\/et_pb_text][\/et_pb_column][\/et_pb_row][et_pb_row use_custom_gutter=\u00bbon\u00bb gutter_width=\u00bb2&#8243; make_equal=\u00bbon\u00bb _builder_version=\u00bb4.27.0&#8243; _module_preset=\u00bbdefault\u00bb width_tablet=\u00bb\u00bb width_phone=\u00bb93%\u00bb width_last_edited=\u00bbon|phone\u00bb global_colors_info=\u00bb{}\u00bb][et_pb_column type=\u00bb4_4&#8243; _builder_version=\u00bb4.24.2&#8243; _module_preset=\u00bbdefault\u00bb animation_direction=\u00bbbottom\u00bb global_colors_info=\u00bb{}\u00bb][et_pb_text _builder_version=\u00bb4.27.4&#8243; _module_preset=\u00bbdefault\u00bb text_font=\u00bbPlus Jakarta Sans||||||||\u00bb text_text_color=\u00bb#919191&#8243; text_font_size=\u00bb17px\u00bb text_line_height=\u00bb2em\u00bb header_2_font=\u00bbNanum Myeongjo||||||||\u00bb header_2_text_align=\u00bbcenter\u00bb header_2_text_color=\u00bb#a5866f\u00bb header_2_font_size=\u00bb50px\u00bb header_2_letter_spacing=\u00bb-3px\u00bb header_2_line_height=\u00bb1.1em\u00bb header_3_font=\u00bbTimes New Roman||on||||||\u00bb header_3_text_align=\u00bbleft\u00bb header_3_text_color=\u00bb#cccccc\u00bb header_3_font_size=\u00bb50px\u00bb header_3_letter_spacing=\u00bb-3px\u00bb header_3_line_height=\u00bb1.1em\u00bb header_2_font_size_tablet=\u00bb50px\u00bb header_2_font_size_phone=\u00bb40px\u00bb header_2_font_size_last_edited=\u00bbon|phone\u00bb header_2_letter_spacing_tablet=\u00bb-3px\u00bb header_2_letter_spacing_phone=\u00bb-3px\u00bb header_2_letter_spacing_last_edited=\u00bbon|desktop\u00bb header_3_font_size_tablet=\u00bb50px\u00bb header_3_font_size_phone=\u00bb40px\u00bb header_3_font_size_last_edited=\u00bbon|phone\u00bb header_3_letter_spacing_tablet=\u00bb-3px\u00bb header_3_letter_spacing_phone=\u00bb-3px\u00bb header_3_letter_spacing_last_edited=\u00bbon|desktop\u00bb global_colors_info=\u00bb{}\u00bb]<\/p>\n<p>Usuario: el propietario de los pisos de la Finca La Vida Loca.<\/p>\n<p>Otra parte: los hu\u00e9spedes que suscriban un contrato de alquiler con Finca La Vida Loca.<\/p>\n<p>El propietario de la Finca La Vida Loca puede ser sustituido por un representante (temporal).<\/p>\n<h3>Normativa interna<\/h3>\n<p>El piso se describe en el sitio web www.fincalavidaloca.com. Este sitio web se ha elaborado con el mayor cuidado, pero puede haber diferencias entre el texto y\/o las fotos presentados en el sitio web y la situaci\u00f3n real en los pisos y sus alrededores en el momento de la visita de los hu\u00e9spedes. Los hu\u00e9spedes no podr\u00e1n derivar ning\u00fan derecho de tales diferencias.<\/p>\n<p>La estancia m\u00ednima en un piso es de 3 noches en junio, julio, agosto y septiembre. Los dem\u00e1s meses la estancia m\u00ednima es de 2 noches.<\/p>\n<p>Los pisos son accesibles las 24 horas del d\u00eda. Cada piso tiene una entrada privada.<\/p>\n<p>Est\u00e1 prohibido el uso de los pisos por terceros. Los visitantes no pueden pernoctar en los pisos sin permiso del usuario y sin pago adicional.<\/p>\n<p>El piso debe estar en condiciones de limpieza a la salida. Antes de la salida, el usuario har\u00e1 un inventario. Si la habitaci\u00f3n se desv\u00eda del inventario a la salida, el usuario podr\u00e1 cobrar a la otra parte los gastos adicionales de reposici\u00f3n o limpieza.<\/p>\n<p>Por favor, tira la basura en el contenedor designado.<\/p>\n<p>No est\u00e1 permitido fumar en el apartamento. Est\u00e1 permitido fumar fuera.<\/p>\n<p>No se admiten mascotas peque\u00f1as.<\/p>\n<p>No est\u00e1 permitido hacer barbacoas en la terraza privada.<\/p>\n<p>En las zonas p\u00fablicas no est\u00e1 permitido consumir bebidas ni alimentos tra\u00eddos por uno mismo.<\/p>\n<p>El registro de entrada es posible desde las 14.00 hasta las 23.00 como m\u00e1ximo. La salida puede efectuarse hasta las 11.00 como m\u00e1ximo. Estos horarios pueden ajustarse de mutuo acuerdo.<\/p>\n<p>La otra parte puede aparcar el coche en las plazas de aparcamiento disponibles en las instalaciones. El aparcamiento es por tu cuenta y riesgo.<\/p>\n<p>Todos los riesgos relacionados con la estancia en los pisos o sus alrededores, as\u00ed como en la piscina o sus alrededores, son responsabilidad de la otra parte.<\/p>\n<p>Los da\u00f1os o la p\u00e9rdida de bienes (in)muebles propiedad del usuario se notificar\u00e1n y deber\u00e1n indemnizarse al usuario.<\/p>\n<p>La otra parte debe seguir las instrucciones del usuario.<\/p>\n<p>Despu\u00e9s de las 11 de la noche, no debes causar contaminaci\u00f3n ac\u00fastica ni dentro ni fuera de tu piso.<\/p>\n<p>En caso de comportamiento inadecuado, el usuario podr\u00e1 denegar y\/o negar a la otra parte el acceso al complejo de apartamentos con efecto inmediato, sin previo aviso ni indicaci\u00f3n de los motivos y sin reembolso de los gastos de alojamiento.<\/p>\n<h3>Tarifas<\/h3>\n<p>Las tarifas incluyen agua, electricidad, IVA, ropa de cama, toallas y limpieza final.<\/p>\n<p>Al reservar el piso El Gecko Grande por menos de 3 d\u00edas, hay que pagar 50,- euros de limpieza final.<\/p>\n<p>Las tarifas no incluyen los gastos de anulaci\u00f3n y\/o seguro de viaje y\/u otros gastos.<\/p>\n<p>Las tarifas fijas son siempre no vinculantes y est\u00e1n sujetas a cambios provisionales.<\/p>\n<p>Todas las entradas del sitio web www.fincalavidaloca.com se consideran facilitadas de buena fe y siempre est\u00e1n sujetas a cambios provisionales. Finca La Vida Loca no estar\u00e1 obligada por errores manifiestos en su sitio web.<\/p>\n<p>Las ofertas nunca se aplican en combinaci\u00f3n con otras ofertas.<\/p>\n<h3>Reserva y pago<\/h3>\n<p>En nuestro sitio, puedes indicar una preferencia para el alojamiento o alojamientos deseados.<\/p>\n<p>Tras recibir tu solicitud de reserva, nos pondremos en contacto contigo en un plazo de 24 horas.<\/p>\n<p>Tu reserva s\u00f3lo ser\u00e1 definitiva cuando se abone en nuestra cuenta un dep\u00f3sito del 50 % del importe total de la estancia en un plazo de 10 d\u00edas a partir de la recepci\u00f3n de nuestro mensaje.<\/p>\n<p>Una vez recibido el dep\u00f3sito, finalizamos la reserva con una confirmaci\u00f3n y, por tanto, tu reserva es definitiva.<\/p>\n<p>Una vez confirmada la reserva a trav\u00e9s de un tercero afiliado, se establece tambi\u00e9n un contrato de alquiler.<\/p>\n<p>No se cobrar\u00e1 ninguna tasa de reserva adicional.<\/p>\n<p>El resto de los gastos de alojamiento deber\u00e1n abonarse a la llegada al alojamiento.<\/p>\n<p>Los pagos se realizan mediante transferencia bancaria o tarjeta de cr\u00e9dito.<\/p>\n<h3>Anulaci\u00f3n<\/h3>\n<p>La cancelaci\u00f3n debe comunicarse siempre a Finca La Vida Loca por escrito a trav\u00e9s del correo electr\u00f3nico info@fincalavidaloca.com.<\/p>\n<p>Si cancelas con m\u00e1s de 1 mes de antelaci\u00f3n a la fecha efectiva de tu reserva, te devolveremos el dep\u00f3sito \u00edntegro en tu cuenta. Si cancelas o cambias posteriormente o si no te presentas (no-show), se cargar\u00e1 al menos el 50% del total de la estancia.<\/p>\n<p>Si la Finca La Vida Loca no pudiera alquilar la habitaci\u00f3n reservada por cualquier motivo, se ofrecer\u00e1 otro piso o alojamiento similar de mutuo acuerdo.<\/p>\n<h3>Quejas<\/h3>\n<p>La otra parte siempre tendr\u00e1 derecho a presentar sus quejas a Finca La Vida Loca mediante una reclamaci\u00f3n. La Finca La Vida Loca siempre deber\u00e1 tramitar una queja de forma adecuada y con la debida celeridad, de modo que la queja sea tratada de acuerdo con los est\u00e1ndares de razonabilidad y equidad.<\/p>\n<p>En caso de fuerza mayor, ya sea permanente o temporal, Finca La Vida Loca tendr\u00e1 derecho a disolver o suspender temporalmente todo o parte del acuerdo sin que el hu\u00e9sped pueda reclamar su cumplimiento y\/o compensaci\u00f3n. La fuerza mayor incluye, pero no se limita a: peligro de guerra, guerra, insurrecci\u00f3n, actos de guerra, huelgas, boicots, perturbaciones en el circuito energ\u00e9tico, en el tr\u00e1fico o en el transporte, medidas gubernamentales, escasez de materias primas, desastres naturales y, adem\u00e1s, todas las circunstancias, condiciones meteorol\u00f3gicas extraordinarias, fallecimiento de uno de los propietarios o familiares cercanos, etc. en las que no se pueda esperar razonable y justamente que Finca La Vida Loca cumpla la totalidad o parte del acuerdo.<\/p>\n<h3>Responsabilidad<\/h3>\n<p>La Finca La Vida Loca no se hace responsable de los da\u00f1os sufridos por la otra parte o por terceros como consecuencia de la estancia en el alojamiento.<\/p>\n<p>La Finca La Vida Loca no ser\u00e1 responsable de las perturbaciones que se produzcan en el alojamiento y sus alrededores, como fallos y aver\u00edas en el suministro el\u00e9ctrico y de agua y en las instalaciones t\u00e9cnicas, obras de construcci\u00f3n y\/o de carreteras en las inmediaciones del complejo de apartamentos que no hayan sido anunciadas o lo hayan sido a tiempo.<\/p>\n<p>La Finca La Vida Loca s\u00f3lo podr\u00e1 ser considerada responsable de los da\u00f1os debidos a culpa grave o negligencia de los anteriormente mencionados.<\/p>\n<p>La Finca La Vida Loca es un alojamiento S\u00f3lo Adultos.<\/p>\n<p>En caso de que se produzca, se limitar\u00e1 siempre a los da\u00f1os directos, quedando excluida cualquier forma de da\u00f1o emergente. Adem\u00e1s, la responsabilidad de Finca La Vida Loca se limitar\u00e1 a la cantidad m\u00e1xima que la aseguradora de Finca La Vida Loca pague en el caso correspondiente.<\/p>\n<h3>Privacidad<\/h3>\n<p>Finca La Vida Loca guardar\u00e1 confidencialidad sobre los datos de car\u00e1cter personal que le sean facilitados o puestos en su conocimiento y no los pondr\u00e1 a disposici\u00f3n de terceros de forma gratuita.<\/p>\n<p>[\/et_pb_text][\/et_pb_column][\/et_pb_row][\/et_pb_section][et_pb_section fb_built=\u00bb1&#8243; disabled_on=\u00bboff|off|off\u00bb module_class=\u00bbhero-custom-section\u00bb _builder_version=\u00bb4.27.0&#8243; _module_preset=\u00bbdefault\u00bb use_background_color_gradient=\u00bbon\u00bb background_color_gradient_stops=\u00bbrgba(215,210,201,0.75) 0%|#d7d2c9 100%\u00bb background_color_gradient_overlays_image=\u00bbon\u00bb custom_margin=\u00bb|10px||10px|false|false\u00bb custom_padding=\u00bb0px||0px||false|false\u00bb border_radii=\u00bboff|20px|20px||\u00bb box_shadow_style=\u00bbpreset1&#8243; saved_tabs=\u00bball\u00bb locked=\u00bboff\u00bb collapsed=\u00bboff\u00bb global_colors_info=\u00bb{}\u00bb][et_pb_row _builder_version=\u00bb4.24.2&#8243; _module_preset=\u00bbdefault\u00bb width=\u00bb100%\u00bb width_last_edited=\u00bboff|desktop\u00bb max_width=\u00bb100%\u00bb custom_padding=\u00bb|20px||20px|false|false\u00bb collapsed=\u00bboff\u00bb global_colors_info=\u00bb{}\u00bb][et_pb_column type=\u00bb4_4&#8243; _builder_version=\u00bb4.24.2&#8243; _module_preset=\u00bbdefault\u00bb global_colors_info=\u00bb{}\u00bb][et_pb_text _builder_version=\u00bb4.27.4&#8243; _module_preset=\u00bbdefault\u00bb text_font=\u00bbNanum Myeongjo||||||||\u00bb text_text_color=\u00bb#FFFFFF\u00bb text_font_size=\u00bb45px\u00bb text_letter_spacing=\u00bb-3px\u00bb text_line_height=\u00bb1.1em\u00bb header_2_font=\u00bbPlus Jakarta Sans||||||||\u00bb header_2_text_align=\u00bbleft\u00bb header_2_text_color=\u00bb#FFFFFF\u00bb header_2_font_size=\u00bb50px\u00bb header_2_letter_spacing=\u00bb-3px\u00bb header_2_line_height=\u00bb1.1em\u00bb text_font_size_tablet=\u00bb40px\u00bb text_font_size_phone=\u00bb30px\u00bb text_font_size_last_edited=\u00bbon|desktop\u00bb header_2_font_size_tablet=\u00bb50px\u00bb header_2_font_size_phone=\u00bb40px\u00bb header_2_font_size_last_edited=\u00bbon|phone\u00bb header_2_letter_spacing_tablet=\u00bb-3px\u00bb header_2_letter_spacing_phone=\u00bb-3px\u00bb header_2_letter_spacing_last_edited=\u00bbon|desktop\u00bb global_colors_info=\u00bb{}\u00bb]<\/p>\n<h2>Disfruta de unas vacaciones maravillosas<br \/><span style=\"font-family: Times New Roman, Georgia, serif !important; color: #ffffff; letter-spacing: 1px;\"><em>En nuestra encantadora Finca<\/em><\/span><\/h2>\n<p>[\/et_pb_text][\/et_pb_column][\/et_pb_row][et_pb_row column_structure=\u00bb2_5,3_5&#8243; use_custom_gutter=\u00bbon\u00bb gutter_width=\u00bb2&#8243; make_equal=\u00bbon\u00bb _builder_version=\u00bb4.27.0&#8243; _module_preset=\u00bbdefault\u00bb width=\u00bb100%\u00bb width_last_edited=\u00bboff|desktop\u00bb max_width=\u00bb100%\u00bb custom_padding=\u00bb|20px|0px|20px|false|false\u00bb border_radii=\u00bboff|1px|||\u00bb collapsed=\u00bboff\u00bb global_colors_info=\u00bb{}\u00bb width__hover_enabled=\u00bboff|desktop\u00bb locked=\u00bboff\u00bb][et_pb_column type=\u00bb2_5&#8243; _builder_version=\u00bb4.25.0&#8243; _module_preset=\u00bbdefault\u00bb background_color=\u00bbrgba(255,255,255,0.75)\u00bb custom_padding=\u00bb20px|20px|20px|20px|false|false\u00bb custom_css_main_element=\u00bbdisplay: flex;||flex-direction: column;||justify-content: center;\u00bb border_radii=\u00bbon|20px|20px|20px|20px\u00bb global_colors_info=\u00bb{}\u00bb][et_pb_text _builder_version=\u00bb4.27.4&#8243; _module_preset=\u00bbdefault\u00bb text_font=\u00bbPlus Jakarta Sans||||||||\u00bb text_text_color=\u00bb#919191&#8243; text_font_size=\u00bb17px\u00bb text_line_height=\u00bb2em\u00bb link_font=\u00bbPlus Jakarta Sans||||||||\u00bb link_text_color=\u00bb#919191&#8243; header_2_font=\u00bbPlus Jakarta Sans||||||||\u00bb header_2_text_align=\u00bbcenter\u00bb header_2_text_color=\u00bb#a5866f\u00bb header_2_font_size=\u00bb50px\u00bb header_2_letter_spacing=\u00bb-3px\u00bb header_2_line_height=\u00bb1.1em\u00bb text_orientation=\u00bbcenter\u00bb header_2_font_size_tablet=\u00bb50px\u00bb header_2_font_size_phone=\u00bb40px\u00bb header_2_font_size_last_edited=\u00bbon|phone\u00bb header_2_letter_spacing_tablet=\u00bb-3px\u00bb header_2_letter_spacing_phone=\u00bb-3px\u00bb header_2_letter_spacing_last_edited=\u00bbon|desktop\u00bb global_colors_info=\u00bb{}\u00bb]<strong><span style=\"color: #c4c1bc;\">Finca La Vida Loca<\/span><\/strong><br \/>\n29639 Benalm\u00e1dena Pueblo<br \/>\nM\u00e1laga, Espa\u00f1a<br \/>\n<span style=\"color: #c4c1bc;\"><i class=\"fa-solid fa-map-location-dot\"><\/i><\/span> <a href=\"https:\/\/www.google.com\/maps?ll=36.592794,-4.561991&#038;z=17&#038;t=m&#038;hl=es&#038;gl=BE&#038;mapclient=embed&#038;cid=2135814571653839641\" target=\"_blank\" rel=\"noopener noreferrer nofollow\">Ruta a nuestra Finca<\/a><\/p>\n<\/p>\n<p><span style=\"color: #c4c1bc;\"><i class=\"fa-solid fa-phone\"><\/i><\/span> 0032 476 25 25 45<br \/>\n<span style=\"color: #c4c1bc;\"><i class=\"fa-brands fa-whatsapp fa-lg\"><\/i><\/span> <a title=\"Env\u00edanos un mensaje\" href=\"https:\/\/wa.me\/32476252545?text=Querida, tengo una pregunta sobre tu alojamiento.\" target=\"_blank\" rel=\"noopener noreferrer nofollow\">\u00bfUna pregunta? Env\u00edanos un mensaje.<\/a><br \/>\n<span style=\"color: #c4c1bc;\"><i class=\"fa-solid fa-envelope\"><\/i><\/span> <a><script type=\"text\/javascript\">document.write('\\u0069\\u006e\\u0066\\u006f\\u0040\\u0066\\u0069\\u006e\\u0063\\u0061\\u006c\\u0061\\u0076\\u0069\\u0064\\u0061\\u006c\\u006f\\u0063\\u0061\\u002e\\u0063\\u006f\\u006d')<\/script><\/a><\/p>\n<p>[\/et_pb_text][et_pb_button button_url=\u00bbhttps:\/\/www.fincalavidaloca.com\/es\/contacto\u00bb button_text=\u00bbCONT\u00c1CTANOS\u00bb button_alignment=\u00bbcenter\u00bb _builder_version=\u00bb4.27.0&#8243; _module_preset=\u00bbdefault\u00bb custom_button=\u00bbon\u00bb button_text_color=\u00bb#FFFFFF\u00bb button_bg_color=\u00bb#d7d2c9&#8243; button_border_width=\u00bb0px\u00bb button_border_radius=\u00bb10px\u00bb button_letter_spacing=\u00bb0px\u00bb button_font=\u00bbPlus Jakarta Sans||||||||\u00bb button_icon=\u00bb&#xe03c;||divi||400&#8243; button_icon_placement=\u00bbleft\u00bb button_on_hover=\u00bboff\u00bb custom_margin=\u00bb||25px||false|false\u00bb custom_margin_tablet=\u00bb||25px||false|false\u00bb custom_margin_phone=\u00bb||25px||false|false\u00bb custom_margin_last_edited=\u00bbon|phone\u00bb custom_padding=\u00bb10px||10px||true|false\u00bb button_text_size_tablet=\u00bb\u00bb button_text_size_phone=\u00bb18px\u00bb button_text_size_last_edited=\u00bbon|phone\u00bb locked=\u00bboff\u00bb global_colors_info=\u00bb{}\u00bb transform_styles__hover_enabled=\u00bbon|hover\u00bb transform_scale__hover=\u00bb102%|102%\u00bb transform_scale__hover_enabled=\u00bbon|hover\u00bb transform_translate__hover_enabled=\u00bbon|desktop\u00bb transform_rotate__hover_enabled=\u00bbon|desktop\u00bb transform_skew__hover_enabled=\u00bbon|desktop\u00bb transform_origin__hover_enabled=\u00bbon|desktop\u00bb][\/et_pb_button][et_pb_text _builder_version=\u00bb4.27.5&#8243; _module_preset=\u00bbdefault\u00bb text_font=\u00bbPlus Jakarta Sans||||||||\u00bb text_text_color=\u00bb#919191&#8243; text_font_size=\u00bb17px\u00bb text_line_height=\u00bb2em\u00bb header_2_font=\u00bbPlus Jakarta Sans||||||||\u00bb header_2_text_align=\u00bbcenter\u00bb header_2_text_color=\u00bb#a5866f\u00bb header_2_font_size=\u00bb50px\u00bb header_2_letter_spacing=\u00bb-3px\u00bb header_2_line_height=\u00bb1.1em\u00bb text_orientation=\u00bbcenter\u00bb header_2_font_size_tablet=\u00bb50px\u00bb header_2_font_size_phone=\u00bb40px\u00bb header_2_font_size_last_edited=\u00bbon|phone\u00bb header_2_letter_spacing_tablet=\u00bb-3px\u00bb header_2_letter_spacing_phone=\u00bb-3px\u00bb header_2_letter_spacing_last_edited=\u00bbon|desktop\u00bb global_colors_info=\u00bb{}\u00bb]<a href=\"https:\/\/www.facebook.com\/fincalavidaloca\/\" target=\"_blank\" rel=\"nofollow noopener\"><i class=\"fa-brands fa-square-facebook fa-3x\" style=\"color: #d7d2c9;\"><\/i><\/a> <a href=\"https:\/\/www.instagram.com\/fincalavidaloca\/\" target=\"_blank\" rel=\"nofollow noopener\"><i class=\"fa-brands fa-square-instagram fa-3x\" style=\"color: #d7d2c9;\"><\/i><\/a><br \/><span style=\"font-size: 10px;\">ES B56575574<\/span><br \/><span style=\"font-size: 10px;\">\u00a9 2026 B&amp;B FINCA LA VIDA LOCA<\/span>[\/et_pb_text][\/et_pb_column][et_pb_column type=\u00bb3_5&#8243; _builder_version=\u00bb4.24.2&#8243; _module_preset=\u00bbdefault\u00bb custom_css_main_element=\u00bbdisplay: flex;||flex-direction: column;||justify-content: center;\u00bb global_colors_info=\u00bb{}\u00bb][et_pb_code disabled_on=\u00bbon|off|off\u00bb _builder_version=\u00bb4.27.4&#8243; _module_preset=\u00bbdefault\u00bb custom_margin=\u00bb||-7px||false|false\u00bb global_colors_info=\u00bb{}\u00bb]<iframe src=\"https:\/\/www.google.com\/maps\/embed?pb=!1m14!1m8!1m3!1d3203.4028847295185!2d-4.5645419!3d36.5926047!3m2!1i1024!2i768!4f13.1!3m3!1m2!1s0xd72fcb3566ac5dd%3A0x1da3f0097187bb19!2sFinca%20La%20Vida%20Loca!5e0!3m2!1ses!2sbe!4v1746815051092!5m2!1ses!2sbe\" width=\"100%\" height=\"550px\" style=\"border:0px;border-radius:20px\" allowfullscreen=\"\" loading=\"lazy\" referrerpolicy=\"no-referrer-when-downgrade\"><\/iframe>[\/et_pb_code][et_pb_code disabled_on=\u00bboff|on|on\u00bb _builder_version=\u00bb4.27.4&#8243; _module_preset=\u00bbdefault\u00bb custom_margin=\u00bb||-7px||false|false\u00bb global_colors_info=\u00bb{}\u00bb]<iframe src=\"https:\/\/www.google.com\/maps\/embed?pb=!1m14!1m8!1m3!1d3203.4028847295185!2d-4.5645419!3d36.5926047!3m2!1i1024!2i768!4f13.1!3m3!1m2!1s0xd72fcb3566ac5dd%3A0x1da3f0097187bb19!2sFinca%20La%20Vida%20Loca!5e0!3m2!1ses!2sbe!4v1746815051092!5m2!1ses!2sbe\" width=\"100%\" height=\"275px\" style=\"border:0px;border-radius:20px\" allowfullscreen=\"\" loading=\"lazy\" referrerpolicy=\"no-referrer-when-downgrade\"><\/iframe>[\/et_pb_code][\/et_pb_column][\/et_pb_row][et_pb_row _builder_version=\u00bb4.27.0&#8243; _module_preset=\u00bbdefault\u00bb width=\u00bb100%\u00bb max_width=\u00bb100%\u00bb custom_padding=\u00bb10px|20px|10px|20px|false|false\u00bb locked=\u00bboff\u00bb global_colors_info=\u00bb{}\u00bb][et_pb_column type=\u00bb4_4&#8243; _builder_version=\u00bb4.27.0&#8243; _module_preset=\u00bbdefault\u00bb global_colors_info=\u00bb{}\u00bb][et_pb_text _builder_version=\u00bb4.27.0&#8243; _module_preset=\u00bbdefault\u00bb text_font=\u00bbPlus Jakarta Sans||||||||\u00bb text_text_color=\u00bb#FFFFFF\u00bb link_font=\u00bbPlus Jakarta Sans||||||||\u00bb link_text_color=\u00bb#FFFFFF\u00bb global_colors_info=\u00bb{}\u00bb]<\/p>\n<p style=\"text-align: center;\"><span style=\"font-size: 10px;\"><a href=\"https:\/\/www.fincalavidaloca.com\/es\/condiciones-generales\/\">Condiciones generales<\/a> | <a href=\"https:\/\/www.fincalavidaloca.com\/es\/normativa-interna\/\">Reglamento interno<\/a> | <a href=\"https:\/\/www.fincalavidaloca.com\/es\/declaracion-de-privacidad\/\">Declaraci\u00f3n de privacidad<\/a><\/span><\/p>\n<p>[\/et_pb_text][\/et_pb_column][\/et_pb_row][\/et_pb_section]<\/p>\n","protected":false},"excerpt":{"rendered":"<p>Condiciones generalesY\/o condiciones de reservaUsuario: el propietario de los pisos de la Finca La Vida Loca. Otra parte: los hu\u00e9spedes que suscriban un contrato de alquiler con Finca La Vida Loca. El propietario de la Finca La Vida Loca puede ser sustituido por un representante (temporal). Normativa interna El piso se describe en el sitio [&hellip;]<\/p>\n","protected":false},"author":1,"featured_media":0,"parent":0,"menu_order":0,"comment_status":"closed","ping_status":"closed","template":"","meta":{"_et_pb_use_builder":"on","_et_pb_old_content":"","_et_gb_content_width":"","footnotes":""},"class_list":["post-10461","page","type-page","status-publish","hentry"],"_links":{"self":[{"href":"https:\/\/www.fincalavidaloca.com\/es\/wp-json\/wp\/v2\/pages\/10461","targetHints":{"allow":["GET"]}}],"collection":[{"href":"https:\/\/www.fincalavidaloca.com\/es\/wp-json\/wp\/v2\/pages"}],"about":[{"href":"https:\/\/www.fincalavidaloca.com\/es\/wp-json\/wp\/v2\/types\/page"}],"author":[{"embeddable":true,"href":"https:\/\/www.fincalavidaloca.com\/es\/wp-json\/wp\/v2\/users\/1"}],"replies":[{"embeddable":true,"href":"https:\/\/www.fincalavidaloca.com\/es\/wp-json\/wp\/v2\/comments?post=10461"}],"version-history":[{"count":14,"href":"https:\/\/www.fincalavidaloca.com\/es\/wp-json\/wp\/v2\/pages\/10461\/revisions"}],"predecessor-version":[{"id":12692,"href":"https:\/\/www.fincalavidaloca.com\/es\/wp-json\/wp\/v2\/pages\/10461\/revisions\/12692"}],"wp:attachment":[{"href":"https:\/\/www.fincalavidaloca.com\/es\/wp-json\/wp\/v2\/media?parent=10461"}],"curies":[{"name":"wp","href":"https:\/\/api.w.org\/{rel}","templated":true}]}}